{"id":986,"date":"2020-09-09T06:58:24","date_gmt":"2020-09-09T06:58:24","guid":{"rendered":"https:\/\/www.hethertendal.be\/?page_id=986"},"modified":"2024-11-17T13:52:16","modified_gmt":"2024-11-17T13:52:16","slug":"les-alentours","status":"publish","type":"page","link":"https:\/\/www.hethertendal.be\/index.php\/les-alentours\/","title":{"rendered":"Activit\u00e9s"},"content":{"rendered":"\t\t<div data-elementor-type=\"wp-page\" data-elementor-id=\"986\" class=\"elementor elementor-986\" data-elementor-post-type=\"page\">\n\t\t\t\t\t\t<section class=\"elementor-section elementor-top-section elementor-element elementor-element-b5bf582 elementor-section-full_width elementor-section-height-default elementor-section-height-default\" data-id=\"b5bf582\" data-element_type=\"section\" data-e-type=\"section\">\n\t\t\t\t\t\t<div class=\"elementor-container elementor-column-gap-no\">\n\t\t\t\t\t<div class=\"elementor-column elementor-col-100 elementor-top-column elementor-element elementor-element-cc67829\" data-id=\"cc67829\" data-element_type=\"column\" data-e-type=\"column\">\n\t\t\t<div class=\"elementor-widget-wrap elementor-element-populated\">\n\t\t\t\t\t\t<div class=\"elementor-element elementor-element-43126a7 elementor--v-position-top elementor--h-position-center elementor-widget elementor-widget-slides\" data-id=\"43126a7\" data-element_type=\"widget\" data-e-type=\"widget\" data-settings=\"{&quot;navigation&quot;:&quot;none&quot;,&quot;_animation&quot;:&quot;none&quot;,&quot;transition&quot;:&quot;slide&quot;,&quot;transition_speed&quot;:500}\" data-widget_type=\"slides.default\">\n\t\t\t\t<div class=\"elementor-widget-container\">\n\t\t\t\t\t\t\t\t\t<div class=\"elementor-swiper\">\n\t\t\t\t\t<div class=\"elementor-slides-wrapper elementor-main-swiper swiper\" role=\"region\" aria-roledescription=\"carousel\" aria-label=\"Slides\" dir=\"ltr\" data-animation=\"fadeInUp\">\n\t\t\t\t<div class=\"swiper-wrapper elementor-slides\">\n\t\t\t\t\t\t\t\t\t\t<div class=\"elementor-repeater-item-9cc5e9d swiper-slide\" role=\"group\" aria-roledescription=\"slide\"><div class=\"swiper-slide-bg\" role=\"img\" aria-label=\"\u00ab L\u2019\u00e9glise abbatiale Saint-Pierre d\u2019Hasti\u00e8re \u00bb - Aquarelle r\u00e9alis\u00e9e en 2005 par Marie-Claire Lef\u00e9bure.\"><\/div><div class=\"elementor-background-overlay\"><\/div><div class=\"swiper-slide-inner\" ><div class=\"swiper-slide-contents\"><div class=\"elementor-slide-heading\">Il y a beaucoup d\u2019activit\u00e9s dans la r\u00e9gion <br> pour tous le monde.<\/div><\/div><\/div><\/div>\t\t\t\t<\/div>\n\t\t\t\t\t\t\t<\/div>\n\t\t\t\t<\/div>\n\t\t\t\t\t\t\t\t<\/div>\n\t\t\t\t<\/div>\n\t\t\t\t\t<\/div>\n\t\t<\/div>\n\t\t\t\t\t<\/div>\n\t\t<\/section>\n\t\t\t\t<section class=\"elementor-section elementor-top-section elementor-element elementor-element-87fdcd0 elementor-section-boxed elementor-section-height-default elementor-section-height-default\" data-id=\"87fdcd0\" data-element_type=\"section\" data-e-type=\"section\">\n\t\t\t\t\t\t<div class=\"elementor-container elementor-column-gap-default\">\n\t\t\t\t\t<div class=\"elementor-column elementor-col-100 elementor-top-column elementor-element elementor-element-abbf918\" data-id=\"abbf918\" data-element_type=\"column\" data-e-type=\"column\" data-settings=\"{&quot;background_background&quot;:&quot;classic&quot;}\">\n\t\t\t<div class=\"elementor-widget-wrap elementor-element-populated\">\n\t\t\t\t\t\t<div class=\"elementor-element elementor-element-5602237 elementor-align-justify elementor-widget elementor-widget-button\" data-id=\"5602237\" data-element_type=\"widget\" data-e-type=\"widget\" data-widget_type=\"button.default\">\n\t\t\t\t<div class=\"elementor-widget-container\">\n\t\t\t\t\t\t\t\t\t<div class=\"elementor-button-wrapper\">\n\t\t\t\t\t<a class=\"elementor-button elementor-button-link elementor-size-sm\" href=\"https:\/\/www.exploremeuse.be\/wp-content\/uploads\/2022\/01\/Guide-WEB-2023-FR-ExploreMeuse-menfolie.pdf\">\n\t\t\t\t\t\t<span class=\"elementor-button-content-wrapper\">\n\t\t\t\t\t\t\t\t\t<span class=\"elementor-button-text\">Cliquez ici pour le guide touristique avec toutes les activit\u00e9s de la r\u00e9gion<\/span>\n\t\t\t\t\t<\/span>\n\t\t\t\t\t<\/a>\n\t\t\t\t<\/div>\n\t\t\t\t\t\t\t\t<\/div>\n\t\t\t\t<\/div>\n\t\t\t\t<div class=\"elementor-element elementor-element-e17b85b elementor-align-justify elementor-widget elementor-widget-button\" data-id=\"e17b85b\" data-element_type=\"widget\" data-e-type=\"widget\" data-widget_type=\"button.default\">\n\t\t\t\t<div class=\"elementor-widget-container\">\n\t\t\t\t\t\t\t\t\t<div class=\"elementor-button-wrapper\">\n\t\t\t\t\t<a class=\"elementor-button elementor-button-link elementor-size-sm\" href=\"https:\/\/www.exploremeuse.be\/agenda\/calendrier\">\n\t\t\t\t\t\t<span class=\"elementor-button-content-wrapper\">\n\t\t\t\t\t\t\t\t\t<span class=\"elementor-button-text\">Agenda des activat\u00e9s de la r\u00e9gion<\/span>\n\t\t\t\t\t<\/span>\n\t\t\t\t\t<\/a>\n\t\t\t\t<\/div>\n\t\t\t\t\t\t\t\t<\/div>\n\t\t\t\t<\/div>\n\t\t\t\t<div class=\"elementor-element elementor-element-a4eebf0 elementor-widget elementor-widget-heading\" data-id=\"a4eebf0\" data-element_type=\"widget\" data-e-type=\"widget\" data-widget_type=\"heading.default\">\n\t\t\t\t<div class=\"elementor-widget-container\">\n\t\t\t\t\t<h2 class=\"elementor-heading-title elementor-size-default\">NATURE ET SPORT<\/h2>\t\t\t\t<\/div>\n\t\t\t\t<\/div>\n\t\t\t\t<div class=\"elementor-element elementor-element-7a8ac87 elementor-widget elementor-widget-heading\" data-id=\"7a8ac87\" data-element_type=\"widget\" data-e-type=\"widget\" data-widget_type=\"heading.default\">\n\t\t\t\t<div class=\"elementor-widget-container\">\n\t\t\t\t\t<h2 class=\"elementor-heading-title elementor-size-default\">D\u00e9couvrez les possibilit\u00e9s sportives <br>\nde la r\u00e9gion<\/h2>\t\t\t\t<\/div>\n\t\t\t\t<\/div>\n\t\t\t\t\t<\/div>\n\t\t<\/div>\n\t\t\t\t\t<\/div>\n\t\t<\/section>\n\t\t\t\t<section class=\"elementor-section elementor-top-section elementor-element elementor-element-574da4f elementor-section-boxed elementor-section-height-default elementor-section-height-default\" data-id=\"574da4f\" data-element_type=\"section\" data-e-type=\"section\" data-settings=\"{&quot;background_background&quot;:&quot;classic&quot;}\">\n\t\t\t\t\t\t<div class=\"elementor-container elementor-column-gap-default\">\n\t\t\t\t\t<div class=\"elementor-column elementor-col-25 elementor-top-column elementor-element elementor-element-0bfe97e\" data-id=\"0bfe97e\" data-element_type=\"column\" data-e-type=\"column\">\n\t\t\t<div class=\"elementor-widget-wrap elementor-element-populated\">\n\t\t\t\t\t\t<div class=\"elementor-element elementor-element-95d7eb2 elementor-widget elementor-widget-image\" data-id=\"95d7eb2\" data-element_type=\"widget\" data-e-type=\"widget\" data-widget_type=\"image.default\">\n\t\t\t\t<div class=\"elementor-widget-container\">\n\t\t\t\t\t\t\t\t\t\t\t\t\t\t\t<img fetchpriority=\"high\" decoding=\"async\" width=\"709\" height=\"473\" src=\"https:\/\/www.hethertendal.be\/wp-content\/uploads\/2019\/08\/Fiets1.jpg\" class=\"attachment-large size-large wp-image-468\" alt=\"\" srcset=\"https:\/\/www.hethertendal.be\/wp-content\/uploads\/2019\/08\/Fiets1.jpg 709w, https:\/\/www.hethertendal.be\/wp-content\/uploads\/2019\/08\/Fiets1-300x200.jpg 300w\" sizes=\"(max-width: 709px) 100vw, 709px\" \/>\t\t\t\t\t\t\t\t\t\t\t\t\t\t\t<\/div>\n\t\t\t\t<\/div>\n\t\t\t\t<div class=\"elementor-element elementor-element-b81f2fc elementor-widget elementor-widget-heading\" data-id=\"b81f2fc\" data-element_type=\"widget\" data-e-type=\"widget\" data-widget_type=\"heading.default\">\n\t\t\t\t<div class=\"elementor-widget-container\">\n\t\t\t\t\t<h2 class=\"elementor-heading-title elementor-size-default\">Promenades et pistes cyclables<\/h2>\t\t\t\t<\/div>\n\t\t\t\t<\/div>\n\t\t\t\t<div class=\"elementor-element elementor-element-cb8b111 elementor-widget elementor-widget-text-editor\" data-id=\"cb8b111\" data-element_type=\"widget\" data-e-type=\"widget\" data-widget_type=\"text-editor.default\">\n\t\t\t\t<div class=\"elementor-widget-container\">\n\t\t\t\t\t\t\t\t\t<p>notre B&amp;B est situ\u00e9 le long de plusieurs chemins de randonn\u00e9e et de pistes cyclables.<\/p>\n<p>Nous pouvons vous donner une carte avec ces diff\u00e9rentes pistes. L\u2019Office du Tourisme de Hasti\u00e8re organise \u00e9galement des promenades guid\u00e9es \u00e0 th\u00e8me. C&#8217;est possible de louer des&nbsp;<span style=\"color: var( --e-global-color-text );\">v\u00e9los&nbsp;<\/span>\u00e9<span style=\"color: var( --e-global-color-text );\">lectrique&nbsp;<\/span>\u00e0<span style=\"color: var( --e-global-color-text );\">&nbsp;Villa 1900 et l<\/span><span style=\"color: var( --e-global-color-text );\">\u2019Office du Tourisme de Hasti\u00e8re<\/span><span style=\"color: var( --e-global-color-text );\">.<\/span><\/p>\t\t\t\t\t\t\t\t<\/div>\n\t\t\t\t<\/div>\n\t\t\t\t<div class=\"elementor-element elementor-element-14cae1f elementor-align-justify elementor-widget elementor-widget-button\" data-id=\"14cae1f\" data-element_type=\"widget\" data-e-type=\"widget\" data-widget_type=\"button.default\">\n\t\t\t\t<div class=\"elementor-widget-container\">\n\t\t\t\t\t\t\t\t\t<div class=\"elementor-button-wrapper\">\n\t\t\t\t\t<a class=\"elementor-button elementor-button-link elementor-size-sm\" href=\"https:\/\/bit.ly\/3YCJF62\">\n\t\t\t\t\t\t<span class=\"elementor-button-content-wrapper\">\n\t\t\t\t\t\t\t\t\t<span class=\"elementor-button-text\">Promenades \u00e0 pied<\/span>\n\t\t\t\t\t<\/span>\n\t\t\t\t\t<\/a>\n\t\t\t\t<\/div>\n\t\t\t\t\t\t\t\t<\/div>\n\t\t\t\t<\/div>\n\t\t\t\t\t<\/div>\n\t\t<\/div>\n\t\t\t\t<div class=\"elementor-column elementor-col-25 elementor-top-column elementor-element elementor-element-462f867\" data-id=\"462f867\" data-element_type=\"column\" data-e-type=\"column\">\n\t\t\t<div class=\"elementor-widget-wrap elementor-element-populated\">\n\t\t\t\t\t\t<div class=\"elementor-element elementor-element-9a48709 elementor-widget elementor-widget-image\" data-id=\"9a48709\" data-element_type=\"widget\" data-e-type=\"widget\" data-widget_type=\"image.default\">\n\t\t\t\t<div class=\"elementor-widget-container\">\n\t\t\t\t\t\t\t\t\t\t\t\t\t\t\t<img decoding=\"async\" width=\"800\" height=\"534\" src=\"https:\/\/www.hethertendal.be\/wp-content\/uploads\/2019\/08\/13redenenMTB5-1200x800-1024x683.jpg\" class=\"attachment-large size-large wp-image-463\" alt=\"\" srcset=\"https:\/\/www.hethertendal.be\/wp-content\/uploads\/2019\/08\/13redenenMTB5-1200x800-1024x683.jpg 1024w, https:\/\/www.hethertendal.be\/wp-content\/uploads\/2019\/08\/13redenenMTB5-1200x800-300x200.jpg 300w, https:\/\/www.hethertendal.be\/wp-content\/uploads\/2019\/08\/13redenenMTB5-1200x800-768x512.jpg 768w, https:\/\/www.hethertendal.be\/wp-content\/uploads\/2019\/08\/13redenenMTB5-1200x800.jpg 1200w\" sizes=\"(max-width: 800px) 100vw, 800px\" \/>\t\t\t\t\t\t\t\t\t\t\t\t\t\t\t<\/div>\n\t\t\t\t<\/div>\n\t\t\t\t<div class=\"elementor-element elementor-element-3ffd41c elementor-widget elementor-widget-heading\" data-id=\"3ffd41c\" data-element_type=\"widget\" data-e-type=\"widget\" data-widget_type=\"heading.default\">\n\t\t\t\t<div class=\"elementor-widget-container\">\n\t\t\t\t\t<h2 class=\"elementor-heading-title elementor-size-default\">VTT<\/h2>\t\t\t\t<\/div>\n\t\t\t\t<\/div>\n\t\t\t\t<div class=\"elementor-element elementor-element-e5149e8 elementor-widget elementor-widget-text-editor\" data-id=\"e5149e8\" data-element_type=\"widget\" data-e-type=\"widget\" data-widget_type=\"text-editor.default\">\n\t\t\t\t<div class=\"elementor-widget-container\">\n\t\t\t\t\t\t\t\t\t<p>D\u00e9couvrez les cinq sentiers pour VTT de la r\u00e9gion.<\/p>\t\t\t\t\t\t\t\t<\/div>\n\t\t\t\t<\/div>\n\t\t\t\t\t<\/div>\n\t\t<\/div>\n\t\t\t\t<div class=\"elementor-column elementor-col-25 elementor-top-column elementor-element elementor-element-62c4f4a\" data-id=\"62c4f4a\" data-element_type=\"column\" data-e-type=\"column\">\n\t\t\t<div class=\"elementor-widget-wrap elementor-element-populated\">\n\t\t\t\t\t\t<div class=\"elementor-element elementor-element-e06fc2f elementor-widget elementor-widget-image\" data-id=\"e06fc2f\" data-element_type=\"widget\" data-e-type=\"widget\" data-widget_type=\"image.default\">\n\t\t\t\t<div class=\"elementor-widget-container\">\n\t\t\t\t\t\t\t\t\t\t\t\t\t\t\t<img decoding=\"async\" width=\"800\" height=\"534\" src=\"https:\/\/www.hethertendal.be\/wp-content\/uploads\/2019\/08\/CVN-140903-0902-e1501686667183.jpg\" class=\"attachment-large size-large wp-image-464\" alt=\"\" srcset=\"https:\/\/www.hethertendal.be\/wp-content\/uploads\/2019\/08\/CVN-140903-0902-e1501686667183.jpg 800w, https:\/\/www.hethertendal.be\/wp-content\/uploads\/2019\/08\/CVN-140903-0902-e1501686667183-300x200.jpg 300w, https:\/\/www.hethertendal.be\/wp-content\/uploads\/2019\/08\/CVN-140903-0902-e1501686667183-768x513.jpg 768w\" sizes=\"(max-width: 800px) 100vw, 800px\" \/>\t\t\t\t\t\t\t\t\t\t\t\t\t\t\t<\/div>\n\t\t\t\t<\/div>\n\t\t\t\t<div class=\"elementor-element elementor-element-c8d7629 elementor-widget elementor-widget-heading\" data-id=\"c8d7629\" data-element_type=\"widget\" data-e-type=\"widget\" data-widget_type=\"heading.default\">\n\t\t\t\t<div class=\"elementor-widget-container\">\n\t\t\t\t\t<h2 class=\"elementor-heading-title elementor-size-default\">Ski nautique <\/h2>\t\t\t\t<\/div>\n\t\t\t\t<\/div>\n\t\t\t\t<div class=\"elementor-element elementor-element-09cfaa4 elementor-widget elementor-widget-text-editor\" data-id=\"09cfaa4\" data-element_type=\"widget\" data-e-type=\"widget\" data-widget_type=\"text-editor.default\">\n\t\t\t\t<div class=\"elementor-widget-container\">\n\t\t\t\t\t\t\t\t\t<p>Waulsort est le QG du \u00ab Hasti\u00e8re Yacht Club \u00bb, avec lequel les skieurs nautiques peuvent pratiquer leur passion sur un parcours aquatique. Des initiations et des stages sont r\u00e9guli\u00e8rement organis\u00e9s.<\/p>\t\t\t\t\t\t\t\t<\/div>\n\t\t\t\t<\/div>\n\t\t\t\t\t<\/div>\n\t\t<\/div>\n\t\t\t\t<div class=\"elementor-column elementor-col-25 elementor-top-column elementor-element elementor-element-685433b\" data-id=\"685433b\" data-element_type=\"column\" data-e-type=\"column\">\n\t\t\t<div class=\"elementor-widget-wrap elementor-element-populated\">\n\t\t\t\t\t\t<div class=\"elementor-element elementor-element-4406c12 elementor-widget elementor-widget-image\" data-id=\"4406c12\" data-element_type=\"widget\" data-e-type=\"widget\" data-widget_type=\"image.default\">\n\t\t\t\t<div class=\"elementor-widget-container\">\n\t\t\t\t\t\t\t\t\t\t\t\t\t\t\t<img loading=\"lazy\" decoding=\"async\" width=\"2560\" height=\"1920\" src=\"https:\/\/www.hethertendal.be\/wp-content\/uploads\/2019\/11\/20190716_210237-scaled.jpg\" class=\"attachment-full size-full wp-image-594\" alt=\"\" srcset=\"https:\/\/www.hethertendal.be\/wp-content\/uploads\/2019\/11\/20190716_210237-scaled.jpg 2560w, https:\/\/www.hethertendal.be\/wp-content\/uploads\/2019\/11\/20190716_210237-300x225.jpg 300w, https:\/\/www.hethertendal.be\/wp-content\/uploads\/2019\/11\/20190716_210237-1024x768.jpg 1024w, https:\/\/www.hethertendal.be\/wp-content\/uploads\/2019\/11\/20190716_210237-768x576.jpg 768w, https:\/\/www.hethertendal.be\/wp-content\/uploads\/2019\/11\/20190716_210237-1536x1152.jpg 1536w, https:\/\/www.hethertendal.be\/wp-content\/uploads\/2019\/11\/20190716_210237-2048x1536.jpg 2048w\" sizes=\"(max-width: 2560px) 100vw, 2560px\" \/>\t\t\t\t\t\t\t\t\t\t\t\t\t\t\t<\/div>\n\t\t\t\t<\/div>\n\t\t\t\t<div class=\"elementor-element elementor-element-dd8f8fe elementor-widget elementor-widget-heading\" data-id=\"dd8f8fe\" data-element_type=\"widget\" data-e-type=\"widget\" data-widget_type=\"heading.default\">\n\t\t\t\t<div class=\"elementor-widget-container\">\n\t\t\t\t\t<h2 class=\"elementor-heading-title elementor-size-default\">Alpinisme \n<\/h2>\t\t\t\t<\/div>\n\t\t\t\t<\/div>\n\t\t\t\t<div class=\"elementor-element elementor-element-e88f0ce elementor-widget elementor-widget-text-editor\" data-id=\"e88f0ce\" data-element_type=\"widget\" data-e-type=\"widget\" data-widget_type=\"text-editor.default\">\n\t\t\t\t<div class=\"elementor-widget-container\">\n\t\t\t\t\t\t\t\t\t<p>Il est possible de grimper plusieurs rochers dans les environs. Les rochers de Fre\u00ffr sont tr\u00e8s connus en Belgique pour la pratique de ce sport.<\/p><div>\u00a0<\/div>\t\t\t\t\t\t\t\t<\/div>\n\t\t\t\t<\/div>\n\t\t\t\t\t<\/div>\n\t\t<\/div>\n\t\t\t\t\t<\/div>\n\t\t<\/section>\n\t\t\t\t<section class=\"elementor-section elementor-top-section elementor-element elementor-element-d26a244 elementor-section-boxed elementor-section-height-default elementor-section-height-default\" data-id=\"d26a244\" data-element_type=\"section\" data-e-type=\"section\" data-settings=\"{&quot;background_background&quot;:&quot;classic&quot;}\">\n\t\t\t\t\t\t<div class=\"elementor-container elementor-column-gap-default\">\n\t\t\t\t\t<div class=\"elementor-column elementor-col-25 elementor-top-column elementor-element elementor-element-40217d7\" data-id=\"40217d7\" data-element_type=\"column\" data-e-type=\"column\">\n\t\t\t<div class=\"elementor-widget-wrap elementor-element-populated\">\n\t\t\t\t\t\t<div class=\"elementor-element elementor-element-f9ac00d elementor-widget elementor-widget-image\" data-id=\"f9ac00d\" data-element_type=\"widget\" data-e-type=\"widget\" data-widget_type=\"image.default\">\n\t\t\t\t<div class=\"elementor-widget-container\">\n\t\t\t\t\t\t\t\t\t\t\t\t\t\t\t<img loading=\"lazy\" decoding=\"async\" width=\"800\" height=\"600\" src=\"https:\/\/www.hethertendal.be\/wp-content\/uploads\/2019\/08\/Grotten-van-Pont-dArcole.jpg\" class=\"attachment-large size-large wp-image-492\" alt=\"\" srcset=\"https:\/\/www.hethertendal.be\/wp-content\/uploads\/2019\/08\/Grotten-van-Pont-dArcole.jpg 900w, https:\/\/www.hethertendal.be\/wp-content\/uploads\/2019\/08\/Grotten-van-Pont-dArcole-300x225.jpg 300w, https:\/\/www.hethertendal.be\/wp-content\/uploads\/2019\/08\/Grotten-van-Pont-dArcole-768x576.jpg 768w\" sizes=\"(max-width: 800px) 100vw, 800px\" \/>\t\t\t\t\t\t\t\t\t\t\t\t\t\t\t<\/div>\n\t\t\t\t<\/div>\n\t\t\t\t<div class=\"elementor-element elementor-element-23fa1d3 elementor-widget elementor-widget-heading\" data-id=\"23fa1d3\" data-element_type=\"widget\" data-e-type=\"widget\" data-widget_type=\"heading.default\">\n\t\t\t\t<div class=\"elementor-widget-container\">\n\t\t\t\t\t<h2 class=\"elementor-heading-title elementor-size-default\">Les grottes<\/h2>\t\t\t\t<\/div>\n\t\t\t\t<\/div>\n\t\t\t\t<div class=\"elementor-element elementor-element-2a46afe elementor-widget elementor-widget-text-editor\" data-id=\"2a46afe\" data-element_type=\"widget\" data-e-type=\"widget\" data-widget_type=\"text-editor.default\">\n\t\t\t\t<div class=\"elementor-widget-container\">\n\t\t\t\t\t\t\t\t\t<p>Les grottes du Pont d\u2019Arcole \u00e0 Hasti<span style=\"color: var( --e-global-color-text ); background-color: #f1f0f0;\">\u00e8<\/span><span style=\"color: var( --e-global-color-text );\">re<\/span>\u00a0sont cr\u00e9\u00e9es par l\u2019eau de la Feron, un affluent de la Meuse. Les grottes de Dinant La Merveilleuse sont l\u2019une des plus belles grottes de Belgique et valent le d\u00e9tour.<\/p>\t\t\t\t\t\t\t\t<\/div>\n\t\t\t\t<\/div>\n\t\t\t\t\t<\/div>\n\t\t<\/div>\n\t\t\t\t<div class=\"elementor-column elementor-col-25 elementor-top-column elementor-element elementor-element-554880b\" data-id=\"554880b\" data-element_type=\"column\" data-e-type=\"column\">\n\t\t\t<div class=\"elementor-widget-wrap elementor-element-populated\">\n\t\t\t\t\t\t<div class=\"elementor-element elementor-element-afbe9ba elementor-widget elementor-widget-image\" data-id=\"afbe9ba\" data-element_type=\"widget\" data-e-type=\"widget\" data-widget_type=\"image.default\">\n\t\t\t\t<div class=\"elementor-widget-container\">\n\t\t\t\t\t\t\t\t\t\t\t\t\t\t\t<img loading=\"lazy\" decoding=\"async\" width=\"313\" height=\"161\" src=\"https:\/\/www.hethertendal.be\/wp-content\/uploads\/2020\/10\/download-2.jpg\" class=\"attachment-large size-large wp-image-1158\" alt=\"\" srcset=\"https:\/\/www.hethertendal.be\/wp-content\/uploads\/2020\/10\/download-2.jpg 313w, https:\/\/www.hethertendal.be\/wp-content\/uploads\/2020\/10\/download-2-300x154.jpg 300w\" sizes=\"(max-width: 313px) 100vw, 313px\" \/>\t\t\t\t\t\t\t\t\t\t\t\t\t\t\t<\/div>\n\t\t\t\t<\/div>\n\t\t\t\t<div class=\"elementor-element elementor-element-3a1a7b6 elementor-widget elementor-widget-heading\" data-id=\"3a1a7b6\" data-element_type=\"widget\" data-e-type=\"widget\" data-widget_type=\"heading.default\">\n\t\t\t\t<div class=\"elementor-widget-container\">\n\t\t\t\t\t<h2 class=\"elementor-heading-title elementor-size-default\">Les croisi\u00e8res nautiques<\/h2>\t\t\t\t<\/div>\n\t\t\t\t<\/div>\n\t\t\t\t<div class=\"elementor-element elementor-element-7cfa242 elementor-widget elementor-widget-text-editor\" data-id=\"7cfa242\" data-element_type=\"widget\" data-e-type=\"widget\" data-widget_type=\"text-editor.default\">\n\t\t\t\t<div class=\"elementor-widget-container\">\n\t\t\t\t\t\t\t\t\t<p>Vous pouvez explorer la vall\u00e9e de la Meuse par des croisi\u00e8res nautiques et des excursions en bateau avec diff\u00e9rentes distances et dur\u00e9es. Il ya plusieurs compagnies maritimes, \u00e0 Dinant et Givet, qui d\u00e9barquent et fixent des visites \u00e0 la demande de groupes ou \u00e0 des heures fixes pour les clients individuels. En outre, il ya aussi des mini-bateaux \u00e9lectriques \u00e0 conduire \u00e0 louer \u00e0 Dinant<\/p><p><span style=\"color: var( --e-global-color-text );\">Pendant la saison estivale, il ya aussi des liaisons r\u00e9guli\u00e8res \u00e0 Dinant ou Givet de Hasti\u00e8re.<\/span><\/p>\t\t\t\t\t\t\t\t<\/div>\n\t\t\t\t<\/div>\n\t\t\t\t\t<\/div>\n\t\t<\/div>\n\t\t\t\t<div class=\"elementor-column elementor-col-25 elementor-top-column elementor-element elementor-element-91af83a\" data-id=\"91af83a\" data-element_type=\"column\" data-e-type=\"column\">\n\t\t\t<div class=\"elementor-widget-wrap elementor-element-populated\">\n\t\t\t\t\t\t<div class=\"elementor-element elementor-element-fd10ac2 elementor-widget elementor-widget-image\" data-id=\"fd10ac2\" data-element_type=\"widget\" data-e-type=\"widget\" data-widget_type=\"image.default\">\n\t\t\t\t<div class=\"elementor-widget-container\">\n\t\t\t\t\t\t\t\t\t\t\t\t\t\t\t<img loading=\"lazy\" decoding=\"async\" width=\"800\" height=\"534\" src=\"https:\/\/www.hethertendal.be\/wp-content\/uploads\/2019\/08\/Original-IMG_867136-1920x1280-1024x683.jpg\" class=\"attachment-large size-large wp-image-473\" alt=\"\" srcset=\"https:\/\/www.hethertendal.be\/wp-content\/uploads\/2019\/08\/Original-IMG_867136-1920x1280-1024x683.jpg 1024w, https:\/\/www.hethertendal.be\/wp-content\/uploads\/2019\/08\/Original-IMG_867136-1920x1280-300x200.jpg 300w, https:\/\/www.hethertendal.be\/wp-content\/uploads\/2019\/08\/Original-IMG_867136-1920x1280-768x512.jpg 768w, https:\/\/www.hethertendal.be\/wp-content\/uploads\/2019\/08\/Original-IMG_867136-1920x1280.jpg 1920w\" sizes=\"(max-width: 800px) 100vw, 800px\" \/>\t\t\t\t\t\t\t\t\t\t\t\t\t\t\t<\/div>\n\t\t\t\t<\/div>\n\t\t\t\t<div class=\"elementor-element elementor-element-d53d357 elementor-widget elementor-widget-heading\" data-id=\"d53d357\" data-element_type=\"widget\" data-e-type=\"widget\" data-widget_type=\"heading.default\">\n\t\t\t\t<div class=\"elementor-widget-container\">\n\t\t\t\t\t<h2 class=\"elementor-heading-title elementor-size-default\">SUP et Kayak<\/h2>\t\t\t\t<\/div>\n\t\t\t\t<\/div>\n\t\t\t\t<div class=\"elementor-element elementor-element-19a3666 elementor-widget elementor-widget-text-editor\" data-id=\"19a3666\" data-element_type=\"widget\" data-e-type=\"widget\" data-widget_type=\"text-editor.default\">\n\t\t\t\t<div class=\"elementor-widget-container\">\n\t\t\t\t\t\t\t\t\t<p>Notre B&amp;B\u00a0dispose 2 planches SUP. La Meuse est une rivi\u00e8re id\u00e9ale pour \u00eatre actif, mais relaxant avec le SUP. Nous avons aussi un kayak disponible pour 2 personnes.<\/p><p>\u00a0<\/p>\t\t\t\t\t\t\t\t<\/div>\n\t\t\t\t<\/div>\n\t\t\t\t\t<\/div>\n\t\t<\/div>\n\t\t\t\t<div class=\"elementor-column elementor-col-25 elementor-top-column elementor-element elementor-element-ec04c84\" data-id=\"ec04c84\" data-element_type=\"column\" data-e-type=\"column\">\n\t\t\t<div class=\"elementor-widget-wrap elementor-element-populated\">\n\t\t\t\t\t\t<div class=\"elementor-element elementor-element-4918297 elementor-widget elementor-widget-image\" data-id=\"4918297\" data-element_type=\"widget\" data-e-type=\"widget\" data-widget_type=\"image.default\">\n\t\t\t\t<div class=\"elementor-widget-container\">\n\t\t\t\t\t\t\t\t\t\t\t\t\t\t\t<img loading=\"lazy\" decoding=\"async\" width=\"800\" height=\"602\" src=\"https:\/\/www.hethertendal.be\/wp-content\/uploads\/2020\/12\/Kajak-op-de-Lesse-2-1024x771.jpg\" class=\"attachment-large size-large wp-image-1358\" alt=\"\" srcset=\"https:\/\/www.hethertendal.be\/wp-content\/uploads\/2020\/12\/Kajak-op-de-Lesse-2-1024x771.jpg 1024w, https:\/\/www.hethertendal.be\/wp-content\/uploads\/2020\/12\/Kajak-op-de-Lesse-2-300x226.jpg 300w, https:\/\/www.hethertendal.be\/wp-content\/uploads\/2020\/12\/Kajak-op-de-Lesse-2-768x578.jpg 768w, https:\/\/www.hethertendal.be\/wp-content\/uploads\/2020\/12\/Kajak-op-de-Lesse-2-1536x1157.jpg 1536w, https:\/\/www.hethertendal.be\/wp-content\/uploads\/2020\/12\/Kajak-op-de-Lesse-2-2048x1542.jpg 2048w\" sizes=\"(max-width: 800px) 100vw, 800px\" \/>\t\t\t\t\t\t\t\t\t\t\t\t\t\t\t<\/div>\n\t\t\t\t<\/div>\n\t\t\t\t<div class=\"elementor-element elementor-element-3febdf3 elementor-widget elementor-widget-heading\" data-id=\"3febdf3\" data-element_type=\"widget\" data-e-type=\"widget\" data-widget_type=\"heading.default\">\n\t\t\t\t<div class=\"elementor-widget-container\">\n\t\t\t\t\t<h2 class=\"elementor-heading-title elementor-size-default\">Kayak<\/h2>\t\t\t\t<\/div>\n\t\t\t\t<\/div>\n\t\t\t\t<div class=\"elementor-element elementor-element-d841695 elementor-widget elementor-widget-text-editor\" data-id=\"d841695\" data-element_type=\"widget\" data-e-type=\"widget\" data-widget_type=\"text-editor.default\">\n\t\t\t\t<div class=\"elementor-widget-container\">\n\t\t\t\t\t\t\t\t\t<p>Sur la rivi\u00e8re Lesse, de Houyet \u00e0 Anseremme, une fantastique excursion en kayak peut \u00eatre faite pendant la saison.<\/p><p>\u00a0<\/p>\t\t\t\t\t\t\t\t<\/div>\n\t\t\t\t<\/div>\n\t\t\t\t\t<\/div>\n\t\t<\/div>\n\t\t\t\t\t<\/div>\n\t\t<\/section>\n\t\t\t\t<section class=\"elementor-section elementor-top-section elementor-element elementor-element-fdc4dd7 elementor-section-boxed elementor-section-height-default elementor-section-height-default\" data-id=\"fdc4dd7\" data-element_type=\"section\" data-e-type=\"section\" data-settings=\"{&quot;background_background&quot;:&quot;classic&quot;}\">\n\t\t\t\t\t\t<div class=\"elementor-container elementor-column-gap-default\">\n\t\t\t\t\t<div class=\"elementor-column elementor-col-100 elementor-top-column elementor-element elementor-element-28f0853\" data-id=\"28f0853\" data-element_type=\"column\" data-e-type=\"column\">\n\t\t\t<div class=\"elementor-widget-wrap elementor-element-populated\">\n\t\t\t\t\t\t<div class=\"elementor-element elementor-element-a698896 elementor-widget elementor-widget-heading\" data-id=\"a698896\" data-element_type=\"widget\" data-e-type=\"widget\" data-widget_type=\"heading.default\">\n\t\t\t\t<div class=\"elementor-widget-container\">\n\t\t\t\t\t<h2 class=\"elementor-heading-title elementor-size-default\">CULTURE ET PATRIMOINE<\/h2>\t\t\t\t<\/div>\n\t\t\t\t<\/div>\n\t\t\t\t<div class=\"elementor-element elementor-element-c8f8802 elementor-widget elementor-widget-heading\" data-id=\"c8f8802\" data-element_type=\"widget\" data-e-type=\"widget\" data-widget_type=\"heading.default\">\n\t\t\t\t<div class=\"elementor-widget-container\">\n\t\t\t\t\t<h2 class=\"elementor-heading-title elementor-size-default\">D\u00e9couvrez les activit\u00e9s sur <br>\nespace culturel et patrimonial<\/h2>\t\t\t\t<\/div>\n\t\t\t\t<\/div>\n\t\t\t\t\t<\/div>\n\t\t<\/div>\n\t\t\t\t\t<\/div>\n\t\t<\/section>\n\t\t\t\t<section class=\"elementor-section elementor-top-section elementor-element elementor-element-2acbe0b elementor-section-boxed elementor-section-height-default elementor-section-height-default\" data-id=\"2acbe0b\" data-element_type=\"section\" data-e-type=\"section\" data-settings=\"{&quot;background_background&quot;:&quot;classic&quot;}\">\n\t\t\t\t\t\t<div class=\"elementor-container elementor-column-gap-default\">\n\t\t\t\t\t<div class=\"elementor-column elementor-col-25 elementor-top-column elementor-element elementor-element-a284055\" data-id=\"a284055\" data-element_type=\"column\" data-e-type=\"column\">\n\t\t\t<div class=\"elementor-widget-wrap elementor-element-populated\">\n\t\t\t\t\t\t<div class=\"elementor-element elementor-element-41bf599 elementor-widget elementor-widget-image\" data-id=\"41bf599\" data-element_type=\"widget\" data-e-type=\"widget\" data-widget_type=\"image.default\">\n\t\t\t\t<div class=\"elementor-widget-container\">\n\t\t\t\t\t\t\t\t\t\t\t\t\t\t\t<img loading=\"lazy\" decoding=\"async\" width=\"500\" height=\"375\" src=\"https:\/\/www.hethertendal.be\/wp-content\/uploads\/2019\/08\/0000841ac.jpg\" class=\"attachment-large size-large wp-image-477\" alt=\"\" srcset=\"https:\/\/www.hethertendal.be\/wp-content\/uploads\/2019\/08\/0000841ac.jpg 500w, https:\/\/www.hethertendal.be\/wp-content\/uploads\/2019\/08\/0000841ac-300x225.jpg 300w\" sizes=\"(max-width: 500px) 100vw, 500px\" \/>\t\t\t\t\t\t\t\t\t\t\t\t\t\t\t<\/div>\n\t\t\t\t<\/div>\n\t\t\t\t<div class=\"elementor-element elementor-element-b3a6b6a elementor-widget elementor-widget-heading\" data-id=\"b3a6b6a\" data-element_type=\"widget\" data-e-type=\"widget\" data-widget_type=\"heading.default\">\n\t\t\t\t<div class=\"elementor-widget-container\">\n\t\t\t\t\t<h2 class=\"elementor-heading-title elementor-size-default\">L\u2019\u00e9glise abbatiale et le calcaire \u00e0 Hasti\u00e8re<\/h2>\t\t\t\t<\/div>\n\t\t\t\t<\/div>\n\t\t\t\t<div class=\"elementor-element elementor-element-07dda7e elementor-widget elementor-widget-text-editor\" data-id=\"07dda7e\" data-element_type=\"widget\" data-e-type=\"widget\" data-widget_type=\"text-editor.default\">\n\t\t\t\t<div class=\"elementor-widget-container\">\n\t\t\t\t\t\t\t\t\t<p>Ici, le visiteur d\u00e9couvre l\u2019\u00e9glise abbatiale sp\u00e9ciale dans le style architectural \u00ab Mosan romain \u00bb avec l\u2019art roman et gothique, mur shilderijen et pierres tombales et une crypte avec des sarcophages m\u00e9rovingishe et des graffitis du XIIe si\u00e8cle. En outre, Hasti\u00e8re contient un stock spectaculaire de pierre \u00e0 chaux.<\/p><p><span style=\"color: var( --e-global-color-text );\">Une belle promenade de +\/- 75 min vous am\u00e8ne devant l\u2019\u00e9glise abbatiale, le calcaire et un d\u00e9versoir.<\/span><\/p><p>\u00a0<\/p>\t\t\t\t\t\t\t\t<\/div>\n\t\t\t\t<\/div>\n\t\t\t\t\t<\/div>\n\t\t<\/div>\n\t\t\t\t<div class=\"elementor-column elementor-col-25 elementor-top-column elementor-element elementor-element-a038c82\" data-id=\"a038c82\" data-element_type=\"column\" data-e-type=\"column\">\n\t\t\t<div class=\"elementor-widget-wrap elementor-element-populated\">\n\t\t\t\t\t\t<div class=\"elementor-element elementor-element-49c2d1d elementor-widget elementor-widget-image\" data-id=\"49c2d1d\" data-element_type=\"widget\" data-e-type=\"widget\" data-widget_type=\"image.default\">\n\t\t\t\t<div class=\"elementor-widget-container\">\n\t\t\t\t\t\t\t\t\t\t\t\t\t\t\t<img loading=\"lazy\" decoding=\"async\" width=\"800\" height=\"596\" src=\"https:\/\/www.hethertendal.be\/wp-content\/uploads\/2019\/08\/Dinant-met-kinderen.jpg\" class=\"attachment-large size-large wp-image-478\" alt=\"\" srcset=\"https:\/\/www.hethertendal.be\/wp-content\/uploads\/2019\/08\/Dinant-met-kinderen.jpg 800w, https:\/\/www.hethertendal.be\/wp-content\/uploads\/2019\/08\/Dinant-met-kinderen-300x224.jpg 300w, https:\/\/www.hethertendal.be\/wp-content\/uploads\/2019\/08\/Dinant-met-kinderen-768x572.jpg 768w\" sizes=\"(max-width: 800px) 100vw, 800px\" \/>\t\t\t\t\t\t\t\t\t\t\t\t\t\t\t<\/div>\n\t\t\t\t<\/div>\n\t\t\t\t<div class=\"elementor-element elementor-element-45fe5f5 elementor-widget elementor-widget-heading\" data-id=\"45fe5f5\" data-element_type=\"widget\" data-e-type=\"widget\" data-widget_type=\"heading.default\">\n\t\t\t\t<div class=\"elementor-widget-container\">\n\t\t\t\t\t<h2 class=\"elementor-heading-title elementor-size-default\">Dinant<\/h2>\t\t\t\t<\/div>\n\t\t\t\t<\/div>\n\t\t\t\t<div class=\"elementor-element elementor-element-10a4be3 elementor-widget elementor-widget-text-editor\" data-id=\"10a4be3\" data-element_type=\"widget\" data-e-type=\"widget\" data-widget_type=\"text-editor.default\">\n\t\t\t\t<div class=\"elementor-widget-container\">\n\t\t\t\t\t\t\t\t\t<p>Promenez-vous dans cette ville pittoresque, la ville d\u2019Adolf Sax (inventeur du saxophone). Dans cette ville, vous pouvez visiter la citadelle, le lieu de naissance d\u2019Adolphe Sax et la Maison de la Pataphonie.<\/p>\t\t\t\t\t\t\t\t<\/div>\n\t\t\t\t<\/div>\n\t\t\t\t\t<\/div>\n\t\t<\/div>\n\t\t\t\t<div class=\"elementor-column elementor-col-25 elementor-top-column elementor-element elementor-element-248eaae\" data-id=\"248eaae\" data-element_type=\"column\" data-e-type=\"column\">\n\t\t\t<div class=\"elementor-widget-wrap elementor-element-populated\">\n\t\t\t\t\t\t<div class=\"elementor-element elementor-element-e20a7da elementor-widget elementor-widget-image\" data-id=\"e20a7da\" data-element_type=\"widget\" data-e-type=\"widget\" data-widget_type=\"image.default\">\n\t\t\t\t<div class=\"elementor-widget-container\">\n\t\t\t\t\t\t\t\t\t\t\t\t\t\t\t<img loading=\"lazy\" decoding=\"async\" width=\"800\" height=\"534\" src=\"https:\/\/www.hethertendal.be\/wp-content\/uploads\/2019\/08\/Maredsous-1-1024x683.jpg\" class=\"attachment-large size-large wp-image-481\" alt=\"\" srcset=\"https:\/\/www.hethertendal.be\/wp-content\/uploads\/2019\/08\/Maredsous-1-1024x683.jpg 1024w, https:\/\/www.hethertendal.be\/wp-content\/uploads\/2019\/08\/Maredsous-1-300x200.jpg 300w, https:\/\/www.hethertendal.be\/wp-content\/uploads\/2019\/08\/Maredsous-1-768x512.jpg 768w\" sizes=\"(max-width: 800px) 100vw, 800px\" \/>\t\t\t\t\t\t\t\t\t\t\t\t\t\t\t<\/div>\n\t\t\t\t<\/div>\n\t\t\t\t<div class=\"elementor-element elementor-element-805ca48 elementor-widget elementor-widget-heading\" data-id=\"805ca48\" data-element_type=\"widget\" data-e-type=\"widget\" data-widget_type=\"heading.default\">\n\t\t\t\t<div class=\"elementor-widget-container\">\n\t\t\t\t\t<h2 class=\"elementor-heading-title elementor-size-default\">L\u2019abbaye de Maredsous<\/h2>\t\t\t\t<\/div>\n\t\t\t\t<\/div>\n\t\t\t\t<div class=\"elementor-element elementor-element-848555c elementor-widget elementor-widget-text-editor\" data-id=\"848555c\" data-element_type=\"widget\" data-e-type=\"widget\" data-widget_type=\"text-editor.default\">\n\t\t\t\t<div class=\"elementor-widget-container\">\n\t\t\t\t\t\t\t\t\t<p>Une visite \u00e0 l\u2019abbaye de Maredsous o\u00f9 la bi\u00e8re est brass\u00e9e et le fromage est produit en vaut la peine!<\/p><p>\u00a0<\/p>\t\t\t\t\t\t\t\t<\/div>\n\t\t\t\t<\/div>\n\t\t\t\t\t<\/div>\n\t\t<\/div>\n\t\t\t\t<div class=\"elementor-column elementor-col-25 elementor-top-column elementor-element elementor-element-c8cf779\" data-id=\"c8cf779\" data-element_type=\"column\" data-e-type=\"column\">\n\t\t\t<div class=\"elementor-widget-wrap elementor-element-populated\">\n\t\t\t\t\t\t<div class=\"elementor-element elementor-element-fa8fc36 elementor-widget elementor-widget-image\" data-id=\"fa8fc36\" data-element_type=\"widget\" data-e-type=\"widget\" data-widget_type=\"image.default\">\n\t\t\t\t<div class=\"elementor-widget-container\">\n\t\t\t\t\t\t\t\t\t\t\t\t\t\t\t<img loading=\"lazy\" decoding=\"async\" width=\"800\" height=\"585\" src=\"https:\/\/www.hethertendal.be\/wp-content\/uploads\/2019\/08\/28_5_3.jpeg\" class=\"attachment-large size-large wp-image-490\" alt=\"\" srcset=\"https:\/\/www.hethertendal.be\/wp-content\/uploads\/2019\/08\/28_5_3.jpeg 898w, https:\/\/www.hethertendal.be\/wp-content\/uploads\/2019\/08\/28_5_3-300x219.jpeg 300w, https:\/\/www.hethertendal.be\/wp-content\/uploads\/2019\/08\/28_5_3-768x562.jpeg 768w\" sizes=\"(max-width: 800px) 100vw, 800px\" \/>\t\t\t\t\t\t\t\t\t\t\t\t\t\t\t<\/div>\n\t\t\t\t<\/div>\n\t\t\t\t<div class=\"elementor-element elementor-element-4628ece elementor-widget elementor-widget-heading\" data-id=\"4628ece\" data-element_type=\"widget\" data-e-type=\"widget\" data-widget_type=\"heading.default\">\n\t\t\t\t<div class=\"elementor-widget-container\">\n\t\t\t\t\t<h2 class=\"elementor-heading-title elementor-size-default\">Le ch\u00e2teau de Fre\u00ffr<\/h2>\t\t\t\t<\/div>\n\t\t\t\t<\/div>\n\t\t\t\t<div class=\"elementor-element elementor-element-6afd9ba elementor-widget elementor-widget-text-editor\" data-id=\"6afd9ba\" data-element_type=\"widget\" data-e-type=\"widget\" data-widget_type=\"text-editor.default\">\n\t\t\t\t<div class=\"elementor-widget-container\">\n\t\t\t\t\t\t\t\t\t<p>Ce patrimoine prot\u00e9g\u00e9 le long de la Meuse avec un ch\u00e2teau renaissance et de beaux jardins en cascade vaut le d\u00e9tour. Le domaine comprend des orangers et des orangers de plus de 300 ans.<\/p>\t\t\t\t\t\t\t\t<\/div>\n\t\t\t\t<\/div>\n\t\t\t\t\t<\/div>\n\t\t<\/div>\n\t\t\t\t\t<\/div>\n\t\t<\/section>\n\t\t\t\t<section class=\"elementor-section elementor-top-section elementor-element elementor-element-dd10d8b elementor-section-boxed elementor-section-height-default elementor-section-height-default\" data-id=\"dd10d8b\" data-element_type=\"section\" data-e-type=\"section\" data-settings=\"{&quot;background_background&quot;:&quot;classic&quot;}\">\n\t\t\t\t\t\t<div class=\"elementor-container elementor-column-gap-default\">\n\t\t\t\t\t<div class=\"elementor-column elementor-col-25 elementor-top-column elementor-element elementor-element-004f7cb\" data-id=\"004f7cb\" data-element_type=\"column\" data-e-type=\"column\">\n\t\t\t<div class=\"elementor-widget-wrap elementor-element-populated\">\n\t\t\t\t\t\t<div class=\"elementor-element elementor-element-b9df9ec elementor-widget elementor-widget-image\" data-id=\"b9df9ec\" data-element_type=\"widget\" data-e-type=\"widget\" data-widget_type=\"image.default\">\n\t\t\t\t<div class=\"elementor-widget-container\">\n\t\t\t\t\t\t\t\t\t\t\t\t\t\t\t<img loading=\"lazy\" decoding=\"async\" width=\"550\" height=\"412\" src=\"https:\/\/www.hethertendal.be\/wp-content\/uploads\/2019\/08\/les-jardins-d-annevoie.jpg\" class=\"attachment-large size-large wp-image-498\" alt=\"\" srcset=\"https:\/\/www.hethertendal.be\/wp-content\/uploads\/2019\/08\/les-jardins-d-annevoie.jpg 550w, https:\/\/www.hethertendal.be\/wp-content\/uploads\/2019\/08\/les-jardins-d-annevoie-300x225.jpg 300w\" sizes=\"(max-width: 550px) 100vw, 550px\" \/>\t\t\t\t\t\t\t\t\t\t\t\t\t\t\t<\/div>\n\t\t\t\t<\/div>\n\t\t\t\t<div class=\"elementor-element elementor-element-58decdc elementor-widget elementor-widget-heading\" data-id=\"58decdc\" data-element_type=\"widget\" data-e-type=\"widget\" data-widget_type=\"heading.default\">\n\t\t\t\t<div class=\"elementor-widget-container\">\n\t\t\t\t\t<h2 class=\"elementor-heading-title elementor-size-default\">Les jardins d'Annevoie<\/h2>\t\t\t\t<\/div>\n\t\t\t\t<\/div>\n\t\t\t\t<div class=\"elementor-element elementor-element-ccfbfa5 elementor-widget elementor-widget-text-editor\" data-id=\"ccfbfa5\" data-element_type=\"widget\" data-e-type=\"widget\" data-widget_type=\"text-editor.default\">\n\t\t\t\t<div class=\"elementor-widget-container\">\n\t\t\t\t\t\t\t\t\t<p>Depuis 250 ans, les caract\u00e9ristiques uniques de l\u2019eau des jardins de style Annevoie fonctionnent de fa\u00e7on tout \u00e0 fait naturelle. D\u00e9couvrez les seuls jardins aquatiques de Belgique o\u00f9 le charme naturel est \u00e0 l\u2019avant-garde. Les jardins sont magnifiques en toute saison.<\/p><p>\u00a0<\/p>\t\t\t\t\t\t\t\t<\/div>\n\t\t\t\t<\/div>\n\t\t\t\t\t<\/div>\n\t\t<\/div>\n\t\t\t\t<div class=\"elementor-column elementor-col-25 elementor-top-column elementor-element elementor-element-b84f465\" data-id=\"b84f465\" data-element_type=\"column\" data-e-type=\"column\">\n\t\t\t<div class=\"elementor-widget-wrap elementor-element-populated\">\n\t\t\t\t\t\t<div class=\"elementor-element elementor-element-d7ddd14 elementor-widget elementor-widget-image\" data-id=\"d7ddd14\" data-element_type=\"widget\" data-e-type=\"widget\" data-widget_type=\"image.default\">\n\t\t\t\t<div class=\"elementor-widget-container\">\n\t\t\t\t\t\t\t\t\t\t\t\t\t\t\t<img loading=\"lazy\" decoding=\"async\" width=\"800\" height=\"622\" src=\"https:\/\/www.hethertendal.be\/wp-content\/uploads\/2019\/08\/Dinant-Parc-de-Furfooz.jpg\" class=\"attachment-large size-large wp-image-499\" alt=\"\" srcset=\"https:\/\/www.hethertendal.be\/wp-content\/uploads\/2019\/08\/Dinant-Parc-de-Furfooz.jpg 800w, https:\/\/www.hethertendal.be\/wp-content\/uploads\/2019\/08\/Dinant-Parc-de-Furfooz-300x233.jpg 300w, https:\/\/www.hethertendal.be\/wp-content\/uploads\/2019\/08\/Dinant-Parc-de-Furfooz-768x597.jpg 768w\" sizes=\"(max-width: 800px) 100vw, 800px\" \/>\t\t\t\t\t\t\t\t\t\t\t\t\t\t\t<\/div>\n\t\t\t\t<\/div>\n\t\t\t\t<div class=\"elementor-element elementor-element-365b8eb elementor-widget elementor-widget-heading\" data-id=\"365b8eb\" data-element_type=\"widget\" data-e-type=\"widget\" data-widget_type=\"heading.default\">\n\t\t\t\t<div class=\"elementor-widget-container\">\n\t\t\t\t\t<h2 class=\"elementor-heading-title elementor-size-default\">Furfooz<\/h2>\t\t\t\t<\/div>\n\t\t\t\t<\/div>\n\t\t\t\t<div class=\"elementor-element elementor-element-5f26697 elementor-widget elementor-widget-text-editor\" data-id=\"5f26697\" data-element_type=\"widget\" data-e-type=\"widget\" data-widget_type=\"text-editor.default\">\n\t\t\t\t<div class=\"elementor-widget-container\">\n\t\t\t\t\t\t\t\t\t<p>Dans ce parc, vous pouvez visiter les d\u00e9couvertes pr\u00e9historiques et les vestiges d\u2019un ancien camp romain.<\/p><p>\u00a0<\/p>\t\t\t\t\t\t\t\t<\/div>\n\t\t\t\t<\/div>\n\t\t\t\t\t<\/div>\n\t\t<\/div>\n\t\t\t\t<div class=\"elementor-column elementor-col-25 elementor-top-column elementor-element elementor-element-b8d6efa\" data-id=\"b8d6efa\" data-element_type=\"column\" data-e-type=\"column\">\n\t\t\t<div class=\"elementor-widget-wrap elementor-element-populated\">\n\t\t\t\t\t\t<div class=\"elementor-element elementor-element-d3c2d06 elementor-widget elementor-widget-image\" data-id=\"d3c2d06\" data-element_type=\"widget\" data-e-type=\"widget\" data-widget_type=\"image.default\">\n\t\t\t\t<div class=\"elementor-widget-container\">\n\t\t\t\t\t\t\t\t\t\t\t\t\t\t\t<img loading=\"lazy\" decoding=\"async\" width=\"500\" height=\"333\" src=\"https:\/\/www.hethertendal.be\/wp-content\/uploads\/2019\/08\/47396-19.jpg\" class=\"attachment-large size-large wp-image-500\" alt=\"\" srcset=\"https:\/\/www.hethertendal.be\/wp-content\/uploads\/2019\/08\/47396-19.jpg 500w, https:\/\/www.hethertendal.be\/wp-content\/uploads\/2019\/08\/47396-19-300x200.jpg 300w\" sizes=\"(max-width: 500px) 100vw, 500px\" \/>\t\t\t\t\t\t\t\t\t\t\t\t\t\t\t<\/div>\n\t\t\t\t<\/div>\n\t\t\t\t<div class=\"elementor-element elementor-element-3dca94a elementor-widget elementor-widget-heading\" data-id=\"3dca94a\" data-element_type=\"widget\" data-e-type=\"widget\" data-widget_type=\"heading.default\">\n\t\t\t\t<div class=\"elementor-widget-container\">\n\t\t\t\t\t<h2 class=\"elementor-heading-title elementor-size-default\">Treignes<\/h2>\t\t\t\t<\/div>\n\t\t\t\t<\/div>\n\t\t\t\t<div class=\"elementor-element elementor-element-49efe94 elementor-widget elementor-widget-text-editor\" data-id=\"49efe94\" data-element_type=\"widget\" data-e-type=\"widget\" data-widget_type=\"text-editor.default\">\n\t\t\t\t<div class=\"elementor-widget-container\">\n\t\t\t\t\t\t\t\t\t<p>Un village mus\u00e9e sur la rivi\u00e8re Viroin et pr\u00e8s de la fronti\u00e8re fran\u00e7aise o\u00f9 vous trouverez un beau mus\u00e9e du train.<\/p>\t\t\t\t\t\t\t\t<\/div>\n\t\t\t\t<\/div>\n\t\t\t\t\t<\/div>\n\t\t<\/div>\n\t\t\t\t<div class=\"elementor-column elementor-col-25 elementor-top-column elementor-element elementor-element-685f063\" data-id=\"685f063\" data-element_type=\"column\" data-e-type=\"column\">\n\t\t\t<div class=\"elementor-widget-wrap elementor-element-populated\">\n\t\t\t\t\t\t<div class=\"elementor-element elementor-element-9f62697 elementor-widget elementor-widget-image\" data-id=\"9f62697\" data-element_type=\"widget\" data-e-type=\"widget\" data-widget_type=\"image.default\">\n\t\t\t\t<div class=\"elementor-widget-container\">\n\t\t\t\t\t\t\t\t\t\t\t\t\t\t\t<img loading=\"lazy\" decoding=\"async\" width=\"266\" height=\"177\" src=\"https:\/\/www.hethertendal.be\/wp-content\/uploads\/2020\/10\/266px-Waulsort_V1JPG.jpg\" class=\"attachment-large size-large wp-image-1157\" alt=\"\" \/>\t\t\t\t\t\t\t\t\t\t\t\t\t\t\t<\/div>\n\t\t\t\t<\/div>\n\t\t\t\t<div class=\"elementor-element elementor-element-17dbb1c elementor-widget elementor-widget-heading\" data-id=\"17dbb1c\" data-element_type=\"widget\" data-e-type=\"widget\" data-widget_type=\"heading.default\">\n\t\t\t\t<div class=\"elementor-widget-container\">\n\t\t\t\t\t<h2 class=\"elementor-heading-title elementor-size-default\">Waulsort<\/h2>\t\t\t\t<\/div>\n\t\t\t\t<\/div>\n\t\t\t\t<div class=\"elementor-element elementor-element-b68e207 elementor-widget elementor-widget-text-editor\" data-id=\"b68e207\" data-element_type=\"widget\" data-e-type=\"widget\" data-widget_type=\"text-editor.default\">\n\t\t\t\t<div class=\"elementor-widget-container\">\n\t\t\t\t\t\t\t\t\t<p>Waulsort est un beau petit village qui fait partie de Hasti\u00e8re, la \u00ab perle sur la Meuse \u00bb et \u00e0 seulement 600m de notre B&amp;B&#8230;<\/p><p><span style=\"color: var( --e-global-color-text );\">Avec son \u00e9glise du XIe si\u00e8cle, ses petits chalets en pierre dans le style architectural sp\u00e9cifique de la r\u00e9gion (1650-1900) et ses luxuriantes Villas Mosanes de la Belle \u00c9poque, Waulsort vous accueille avec ses ruelles pav\u00e9es, entour\u00e9es de for\u00eat et la nature sauvage de ses falaises.<\/span><\/p><p><span style=\"color: var( --e-global-color-text );\">Villa 1900 est aussi une exp\u00e9rience unique.<\/span><\/p><p><i><\/i><i>texte <a href=\"https:\/\/waulsort.be\">https:\/\/waulsort.be<\/a><\/i><\/p>\t\t\t\t\t\t\t\t<\/div>\n\t\t\t\t<\/div>\n\t\t\t\t\t<\/div>\n\t\t<\/div>\n\t\t\t\t\t<\/div>\n\t\t<\/section>\n\t\t\t\t<section class=\"elementor-section elementor-top-section elementor-element elementor-element-be11f61 elementor-section-boxed elementor-section-height-default elementor-section-height-default\" data-id=\"be11f61\" data-element_type=\"section\" data-e-type=\"section\">\n\t\t\t\t\t\t<div class=\"elementor-container elementor-column-gap-default\">\n\t\t\t\t\t<div class=\"elementor-column elementor-col-100 elementor-top-column elementor-element elementor-element-77b06d8\" data-id=\"77b06d8\" data-element_type=\"column\" data-e-type=\"column\">\n\t\t\t<div class=\"elementor-widget-wrap elementor-element-populated\">\n\t\t\t\t\t\t<div class=\"elementor-element elementor-element-cedc4d4 elementor-widget elementor-widget-heading\" data-id=\"cedc4d4\" data-element_type=\"widget\" data-e-type=\"widget\" data-widget_type=\"heading.default\">\n\t\t\t\t<div class=\"elementor-widget-container\">\n\t\t\t\t\t<h2 class=\"elementor-heading-title elementor-size-default\">CULINAIRE<\/h2>\t\t\t\t<\/div>\n\t\t\t\t<\/div>\n\t\t\t\t<div class=\"elementor-element elementor-element-67c55ac elementor-widget elementor-widget-heading\" data-id=\"67c55ac\" data-element_type=\"widget\" data-e-type=\"widget\" data-widget_type=\"heading.default\">\n\t\t\t\t<div class=\"elementor-widget-container\">\n\t\t\t\t\t<h2 class=\"elementor-heading-title elementor-size-default\">Visitez les joyaux culinaires <br>\net enrichir vos sens du go\u00fbt<\/h2>\t\t\t\t<\/div>\n\t\t\t\t<\/div>\n\t\t\t\t\t<\/div>\n\t\t<\/div>\n\t\t\t\t\t<\/div>\n\t\t<\/section>\n\t\t\t\t<section class=\"elementor-section elementor-top-section elementor-element elementor-element-ec31144 elementor-section-boxed elementor-section-height-default elementor-section-height-default\" data-id=\"ec31144\" data-element_type=\"section\" data-e-type=\"section\">\n\t\t\t\t\t\t<div class=\"elementor-container elementor-column-gap-default\">\n\t\t\t\t\t<div class=\"elementor-column elementor-col-25 elementor-top-column elementor-element elementor-element-829a91d\" data-id=\"829a91d\" data-element_type=\"column\" data-e-type=\"column\">\n\t\t\t<div class=\"elementor-widget-wrap elementor-element-populated\">\n\t\t\t\t\t\t<div class=\"elementor-element elementor-element-eff2ed5 elementor-widget elementor-widget-image\" data-id=\"eff2ed5\" data-element_type=\"widget\" data-e-type=\"widget\" data-widget_type=\"image.default\">\n\t\t\t\t<div class=\"elementor-widget-container\">\n\t\t\t\t\t\t\t\t\t\t\t\t\t\t\t<img loading=\"lazy\" decoding=\"async\" width=\"640\" height=\"640\" src=\"https:\/\/www.hethertendal.be\/wp-content\/uploads\/2019\/08\/f45f90d52e60bf20f903918b492c7f70_640x640.jpg\" class=\"attachment-large size-large wp-image-501\" alt=\"\" srcset=\"https:\/\/www.hethertendal.be\/wp-content\/uploads\/2019\/08\/f45f90d52e60bf20f903918b492c7f70_640x640.jpg 640w, https:\/\/www.hethertendal.be\/wp-content\/uploads\/2019\/08\/f45f90d52e60bf20f903918b492c7f70_640x640-150x150.jpg 150w, https:\/\/www.hethertendal.be\/wp-content\/uploads\/2019\/08\/f45f90d52e60bf20f903918b492c7f70_640x640-300x300.jpg 300w\" sizes=\"(max-width: 640px) 100vw, 640px\" \/>\t\t\t\t\t\t\t\t\t\t\t\t\t\t\t<\/div>\n\t\t\t\t<\/div>\n\t\t\t\t<div class=\"elementor-element elementor-element-e9a8010 elementor-widget elementor-widget-heading\" data-id=\"e9a8010\" data-element_type=\"widget\" data-e-type=\"widget\" data-widget_type=\"heading.default\">\n\t\t\t\t<div class=\"elementor-widget-container\">\n\t\t\t\t\t<h2 class=\"elementor-heading-title elementor-size-default\">Perle d\u2019Hasti\u00e8re<\/h2>\t\t\t\t<\/div>\n\t\t\t\t<\/div>\n\t\t\t\t<div class=\"elementor-element elementor-element-1a1dc23 elementor-widget elementor-widget-text-editor\" data-id=\"1a1dc23\" data-element_type=\"widget\" data-e-type=\"widget\" data-widget_type=\"text-editor.default\">\n\t\t\t\t<div class=\"elementor-widget-container\">\n\t\t\t\t\t\t\t\t\t<p>La bi\u00e8re ambr\u00e9e de l\u2019office du tourisme de Hasti\u00e8re peut aussi \u00eatre d\u00e9gust\u00e9e chez nous.<\/p><div>\u00a0<\/div><p>\u00a0<\/p>\t\t\t\t\t\t\t\t<\/div>\n\t\t\t\t<\/div>\n\t\t\t\t\t<\/div>\n\t\t<\/div>\n\t\t\t\t<div class=\"elementor-column elementor-col-25 elementor-top-column elementor-element elementor-element-f6fc23b\" data-id=\"f6fc23b\" data-element_type=\"column\" data-e-type=\"column\">\n\t\t\t<div class=\"elementor-widget-wrap elementor-element-populated\">\n\t\t\t\t\t\t<div class=\"elementor-element elementor-element-2ba8f5d elementor-widget elementor-widget-image\" data-id=\"2ba8f5d\" data-element_type=\"widget\" data-e-type=\"widget\" data-widget_type=\"image.default\">\n\t\t\t\t<div class=\"elementor-widget-container\">\n\t\t\t\t\t\t\t\t\t\t\t\t\t\t\t<img loading=\"lazy\" decoding=\"async\" width=\"538\" height=\"358\" src=\"https:\/\/www.hethertendal.be\/wp-content\/uploads\/2019\/08\/Activite_Plus-Brasserie-Caracole-136022-1L.jpg\" class=\"attachment-large size-large wp-image-503\" alt=\"\" srcset=\"https:\/\/www.hethertendal.be\/wp-content\/uploads\/2019\/08\/Activite_Plus-Brasserie-Caracole-136022-1L.jpg 538w, https:\/\/www.hethertendal.be\/wp-content\/uploads\/2019\/08\/Activite_Plus-Brasserie-Caracole-136022-1L-300x200.jpg 300w\" sizes=\"(max-width: 538px) 100vw, 538px\" \/>\t\t\t\t\t\t\t\t\t\t\t\t\t\t\t<\/div>\n\t\t\t\t<\/div>\n\t\t\t\t<div class=\"elementor-element elementor-element-4eddd72 elementor-widget elementor-widget-heading\" data-id=\"4eddd72\" data-element_type=\"widget\" data-e-type=\"widget\" data-widget_type=\"heading.default\">\n\t\t\t\t<div class=\"elementor-widget-container\">\n\t\t\t\t\t<h2 class=\"elementor-heading-title elementor-size-default\">La brasserie Caracole<\/h2>\t\t\t\t<\/div>\n\t\t\t\t<\/div>\n\t\t\t\t<div class=\"elementor-element elementor-element-0c73fad elementor-widget elementor-widget-text-editor\" data-id=\"0c73fad\" data-element_type=\"widget\" data-e-type=\"widget\" data-widget_type=\"text-editor.default\">\n\t\t\t\t<div class=\"elementor-widget-container\">\n\t\t\t\t\t\t\t\t\t<p>La brasserie Caracole de Falmignoul, pr\u00e8s de Dinant, produit traditionnellement quatre d\u00e9licieuses bi\u00e8res : Troublette, Saxo, Caracole et Nostradamus. Comme l\u2019ont fait les fondateurs de la brasserie au 19e si\u00e8cle, toutes les bi\u00e8res sont brass\u00e9es par l\u2019artisanat dans des cuves en cuivre chauff\u00e9es au bois.<\/p><p><span style=\"color: var( --e-global-color-text );\">Vous pouvez visiter la Brasserie avec d\u00e9gustation. Les visites sont tr\u00e8s agr\u00e9ables et divertissantes. Au cours de la visite, vous d\u00e9couvrirez des parties de l\u2019ancienne brasserie ainsi que les installations modernes.<\/span><\/p><div>\u00a0<\/div><p>\u00a0<\/p>\t\t\t\t\t\t\t\t<\/div>\n\t\t\t\t<\/div>\n\t\t\t\t\t<\/div>\n\t\t<\/div>\n\t\t\t\t<div class=\"elementor-column elementor-col-25 elementor-top-column elementor-element elementor-element-6ae2bc9\" data-id=\"6ae2bc9\" data-element_type=\"column\" data-e-type=\"column\">\n\t\t\t<div class=\"elementor-widget-wrap elementor-element-populated\">\n\t\t\t\t\t\t<div class=\"elementor-element elementor-element-4cf1281 elementor-widget elementor-widget-image\" data-id=\"4cf1281\" data-element_type=\"widget\" data-e-type=\"widget\" data-widget_type=\"image.default\">\n\t\t\t\t<div class=\"elementor-widget-container\">\n\t\t\t\t\t\t\t\t\t\t\t\t\t\t\t<img loading=\"lazy\" decoding=\"async\" width=\"800\" height=\"534\" src=\"https:\/\/www.hethertendal.be\/wp-content\/uploads\/2019\/08\/4-1024x683.jpg\" class=\"attachment-large size-large wp-image-504\" alt=\"\" srcset=\"https:\/\/www.hethertendal.be\/wp-content\/uploads\/2019\/08\/4-1024x683.jpg 1024w, https:\/\/www.hethertendal.be\/wp-content\/uploads\/2019\/08\/4-300x200.jpg 300w, https:\/\/www.hethertendal.be\/wp-content\/uploads\/2019\/08\/4-768x512.jpg 768w, https:\/\/www.hethertendal.be\/wp-content\/uploads\/2019\/08\/4.jpg 1600w\" sizes=\"(max-width: 800px) 100vw, 800px\" \/>\t\t\t\t\t\t\t\t\t\t\t\t\t\t\t<\/div>\n\t\t\t\t<\/div>\n\t\t\t\t<div class=\"elementor-element elementor-element-dd14a5f elementor-widget elementor-widget-heading\" data-id=\"dd14a5f\" data-element_type=\"widget\" data-e-type=\"widget\" data-widget_type=\"heading.default\">\n\t\t\t\t<div class=\"elementor-widget-container\">\n\t\t\t\t\t<h2 class=\"elementor-heading-title elementor-size-default\">Le mus\u00e9e Leffe<\/h2>\t\t\t\t<\/div>\n\t\t\t\t<\/div>\n\t\t\t\t<div class=\"elementor-element elementor-element-01bdd32 elementor-widget elementor-widget-text-editor\" data-id=\"01bdd32\" data-element_type=\"widget\" data-e-type=\"widget\" data-widget_type=\"text-editor.default\">\n\t\t\t\t<div class=\"elementor-widget-container\">\n\t\t\t\t\t\t\t\t\t<p>Qui ne conna\u00eet pas la bi\u00e8re Leffe ? Un mus\u00e9e interactif o\u00f9 vous pourrez d\u00e9couvrir l\u2019histoire et d\u00e9guster les bi\u00e8res.<\/p><p>\u00a0<\/p>\t\t\t\t\t\t\t\t<\/div>\n\t\t\t\t<\/div>\n\t\t\t\t\t<\/div>\n\t\t<\/div>\n\t\t\t\t<div class=\"elementor-column elementor-col-25 elementor-top-column elementor-element elementor-element-74994d8\" data-id=\"74994d8\" data-element_type=\"column\" data-e-type=\"column\">\n\t\t\t<div class=\"elementor-widget-wrap elementor-element-populated\">\n\t\t\t\t\t\t<div class=\"elementor-element elementor-element-c4b5cfc elementor-widget elementor-widget-image\" data-id=\"c4b5cfc\" data-element_type=\"widget\" data-e-type=\"widget\" data-widget_type=\"image.default\">\n\t\t\t\t<div class=\"elementor-widget-container\">\n\t\t\t\t\t\t\t\t\t\t\t\t\t\t\t<img loading=\"lazy\" decoding=\"async\" width=\"800\" height=\"534\" src=\"https:\/\/www.hethertendal.be\/wp-content\/uploads\/2019\/08\/waw_38_-_escargot_3-1024x683.jpg\" class=\"attachment-large size-large wp-image-506\" alt=\"\" srcset=\"https:\/\/www.hethertendal.be\/wp-content\/uploads\/2019\/08\/waw_38_-_escargot_3-1024x683.jpg 1024w, https:\/\/www.hethertendal.be\/wp-content\/uploads\/2019\/08\/waw_38_-_escargot_3-300x200.jpg 300w, https:\/\/www.hethertendal.be\/wp-content\/uploads\/2019\/08\/waw_38_-_escargot_3-768x512.jpg 768w, https:\/\/www.hethertendal.be\/wp-content\/uploads\/2019\/08\/waw_38_-_escargot_3.jpg 1200w\" sizes=\"(max-width: 800px) 100vw, 800px\" \/>\t\t\t\t\t\t\t\t\t\t\t\t\t\t\t<\/div>\n\t\t\t\t<\/div>\n\t\t\t\t<div class=\"elementor-element elementor-element-3ab9231 elementor-widget elementor-widget-heading\" data-id=\"3ab9231\" data-element_type=\"widget\" data-e-type=\"widget\" data-widget_type=\"heading.default\">\n\t\t\t\t<div class=\"elementor-widget-container\">\n\t\t\t\t\t<h2 class=\"elementor-heading-title elementor-size-default\">Les escargots de Warnant<\/h2>\t\t\t\t<\/div>\n\t\t\t\t<\/div>\n\t\t\t\t<div class=\"elementor-element elementor-element-a822eea elementor-widget elementor-widget-text-editor\" data-id=\"a822eea\" data-element_type=\"widget\" data-e-type=\"widget\" data-widget_type=\"text-editor.default\">\n\t\t\t\t<div class=\"elementor-widget-container\">\n\t\t\t\t\t\t\t\t\t<p>Ici vous obtiendrez une visite tr\u00e8s \u00e9ducative sur la vie et la culture des escargots qui sont servis comme une d\u00e9licatesse<\/p><p>\u00a0<\/p>\t\t\t\t\t\t\t\t<\/div>\n\t\t\t\t<\/div>\n\t\t\t\t\t<\/div>\n\t\t<\/div>\n\t\t\t\t\t<\/div>\n\t\t<\/section>\n\t\t\t\t<section class=\"elementor-section elementor-top-section elementor-element elementor-element-29a327c elementor-section-boxed elementor-section-height-default elementor-section-height-default\" data-id=\"29a327c\" data-element_type=\"section\" data-e-type=\"section\">\n\t\t\t\t\t\t<div class=\"elementor-container elementor-column-gap-default\">\n\t\t\t\t\t<div class=\"elementor-column elementor-col-25 elementor-top-column elementor-element elementor-element-237eabd\" data-id=\"237eabd\" data-element_type=\"column\" data-e-type=\"column\">\n\t\t\t<div class=\"elementor-widget-wrap elementor-element-populated\">\n\t\t\t\t\t\t<div class=\"elementor-element elementor-element-71f870f elementor-widget elementor-widget-image\" data-id=\"71f870f\" data-element_type=\"widget\" data-e-type=\"widget\" data-widget_type=\"image.default\">\n\t\t\t\t<div class=\"elementor-widget-container\">\n\t\t\t\t\t\t\t\t\t\t\t\t\t\t\t<img loading=\"lazy\" decoding=\"async\" width=\"780\" height=\"500\" src=\"https:\/\/www.hethertendal.be\/wp-content\/uploads\/2019\/08\/img_accueil1.jpg\" class=\"attachment-large size-large wp-image-507\" alt=\"\" srcset=\"https:\/\/www.hethertendal.be\/wp-content\/uploads\/2019\/08\/img_accueil1.jpg 780w, https:\/\/www.hethertendal.be\/wp-content\/uploads\/2019\/08\/img_accueil1-300x192.jpg 300w, https:\/\/www.hethertendal.be\/wp-content\/uploads\/2019\/08\/img_accueil1-768x492.jpg 768w\" sizes=\"(max-width: 780px) 100vw, 780px\" \/>\t\t\t\t\t\t\t\t\t\t\t\t\t\t\t<\/div>\n\t\t\t\t<\/div>\n\t\t\t\t<div class=\"elementor-element elementor-element-41e6b22 elementor-widget elementor-widget-heading\" data-id=\"41e6b22\" data-element_type=\"widget\" data-e-type=\"widget\" data-widget_type=\"heading.default\">\n\t\t\t\t<div class=\"elementor-widget-container\">\n\t\t\t\t\t<h2 class=\"elementor-heading-title elementor-size-default\">Autrucherie du Pont d\u2019Amour<\/h2>\t\t\t\t<\/div>\n\t\t\t\t<\/div>\n\t\t\t\t<div class=\"elementor-element elementor-element-690cc6b elementor-widget elementor-widget-text-editor\" data-id=\"690cc6b\" data-element_type=\"widget\" data-e-type=\"widget\" data-widget_type=\"text-editor.default\">\n\t\t\t\t<div class=\"elementor-widget-container\">\n\t\t\t\t\t\t\t\t\t<p>Autrucherie Pont d\u2019Amour invite petits et grands \u00e0 visiter. Vous apprendrez tout sur ces animaux extraordinaires et sur leur \u00e9levage.<\/p><p><span style=\"color: var( --e-global-color-text );\">La Ferme Pont d\u2019Amour \u00e0 Dinant est l\u2019une de ces entreprises typiques qui restent fid\u00e8les aux m\u00e9thodes de travail traditionnelles.<\/span><\/p><p>\u00a0<\/p>\t\t\t\t\t\t\t\t<\/div>\n\t\t\t\t<\/div>\n\t\t\t\t\t<\/div>\n\t\t<\/div>\n\t\t\t\t<div class=\"elementor-column elementor-col-25 elementor-top-column elementor-element elementor-element-509219c\" data-id=\"509219c\" data-element_type=\"column\" data-e-type=\"column\">\n\t\t\t<div class=\"elementor-widget-wrap elementor-element-populated\">\n\t\t\t\t\t\t<div class=\"elementor-element elementor-element-40f814d elementor-widget elementor-widget-image\" data-id=\"40f814d\" data-element_type=\"widget\" data-e-type=\"widget\" data-widget_type=\"image.default\">\n\t\t\t\t<div class=\"elementor-widget-container\">\n\t\t\t\t\t\t\t\t\t\t\t\t\t\t\t<img loading=\"lazy\" decoding=\"async\" width=\"259\" height=\"194\" src=\"https:\/\/www.hethertendal.be\/wp-content\/uploads\/2020\/12\/les-lutins-1.jpg\" class=\"attachment-large size-large wp-image-1367\" alt=\"\" \/>\t\t\t\t\t\t\t\t\t\t\t\t\t\t\t<\/div>\n\t\t\t\t<\/div>\n\t\t\t\t<div class=\"elementor-element elementor-element-b2896d4 elementor-widget elementor-widget-heading\" data-id=\"b2896d4\" data-element_type=\"widget\" data-e-type=\"widget\" data-widget_type=\"heading.default\">\n\t\t\t\t<div class=\"elementor-widget-container\">\n\t\t\t\t\t<h2 class=\"elementor-heading-title elementor-size-default\">Les Lutins - artisanal glacier<\/h2>\t\t\t\t<\/div>\n\t\t\t\t<\/div>\n\t\t\t\t<div class=\"elementor-element elementor-element-d6d4c44 elementor-widget elementor-widget-text-editor\" data-id=\"d6d4c44\" data-element_type=\"widget\" data-e-type=\"widget\" data-widget_type=\"text-editor.default\">\n\t\t\t\t<div class=\"elementor-widget-container\">\n\t\t\t\t\t\t\t\t\t<p>Les Lutins, l\u2019un des meilleurs salons de cr\u00e8me glac\u00e9e en Belgique \u00e0 Anth\u00e9e. Denis Kairet et sa femme sont reconnus pour offrir de la cr\u00e8me glac\u00e9e 100% artisanale. Qui ne veut pas go\u00fbter \u00e0 \u00e7a ?<\/p><p>\u00a0<\/p>\t\t\t\t\t\t\t\t<\/div>\n\t\t\t\t<\/div>\n\t\t\t\t\t<\/div>\n\t\t<\/div>\n\t\t\t\t<div class=\"elementor-column elementor-col-25 elementor-top-column elementor-element elementor-element-ef014ed\" data-id=\"ef014ed\" data-element_type=\"column\" data-e-type=\"column\">\n\t\t\t<div class=\"elementor-widget-wrap\">\n\t\t\t\t\t\t\t<\/div>\n\t\t<\/div>\n\t\t\t\t<div class=\"elementor-column elementor-col-25 elementor-top-column elementor-element elementor-element-e513953\" data-id=\"e513953\" data-element_type=\"column\" data-e-type=\"column\">\n\t\t\t<div class=\"elementor-widget-wrap\">\n\t\t\t\t\t\t\t<\/div>\n\t\t<\/div>\n\t\t\t\t\t<\/div>\n\t\t<\/section>\n\t\t\t\t<section class=\"elementor-section elementor-top-section elementor-element elementor-element-b38842a elementor-section-boxed elementor-section-height-default elementor-section-height-default\" data-id=\"b38842a\" data-element_type=\"section\" data-e-type=\"section\">\n\t\t\t\t\t\t<div class=\"elementor-container elementor-column-gap-default\">\n\t\t\t\t\t<div class=\"elementor-column elementor-col-100 elementor-top-column elementor-element elementor-element-5468fa7\" data-id=\"5468fa7\" data-element_type=\"column\" data-e-type=\"column\">\n\t\t\t<div class=\"elementor-widget-wrap elementor-element-populated\">\n\t\t\t\t\t\t<div class=\"elementor-element elementor-element-73eabc0 elementor-widget elementor-widget-spacer\" data-id=\"73eabc0\" data-element_type=\"widget\" data-e-type=\"widget\" data-widget_type=\"spacer.default\">\n\t\t\t\t<div class=\"elementor-widget-container\">\n\t\t\t\t\t\t\t<div class=\"elementor-spacer\">\n\t\t\t<div class=\"elementor-spacer-inner\"><\/div>\n\t\t<\/div>\n\t\t\t\t\t\t<\/div>\n\t\t\t\t<\/div>\n\t\t\t\t\t<\/div>\n\t\t<\/div>\n\t\t\t\t\t<\/div>\n\t\t<\/section>\n\t\t\t\t<\/div>\n\t\t","protected":false},"excerpt":{"rendered":"<p>Il y a beaucoup d\u2019activit\u00e9s dans la r\u00e9gion pour tous le monde. Cliquez ici pour le guide touristique avec toutes les activit\u00e9s de la r\u00e9gion Agenda des activat\u00e9s de la r\u00e9gion NATURE ET SPORT D\u00e9couvrez les possibilit\u00e9s sportives de la r\u00e9gion Promenades et pistes cyclables notre B&amp;B est situ\u00e9 le long de plusieurs chemins de [&hellip;]<\/p>\n","protected":false},"author":2,"featured_media":0,"parent":0,"menu_order":0,"comment_status":"closed","ping_status":"closed","template":"","meta":{"footnotes":""},"class_list":["post-986","page","type-page","status-publish","hentry"],"_links":{"self":[{"href":"https:\/\/www.hethertendal.be\/index.php\/wp-json\/wp\/v2\/pages\/986","targetHints":{"allow":["GET"]}}],"collection":[{"href":"https:\/\/www.hethertendal.be\/index.php\/wp-json\/wp\/v2\/pages"}],"about":[{"href":"https:\/\/www.hethertendal.be\/index.php\/wp-json\/wp\/v2\/types\/page"}],"author":[{"embeddable":true,"href":"https:\/\/www.hethertendal.be\/index.php\/wp-json\/wp\/v2\/users\/2"}],"replies":[{"embeddable":true,"href":"https:\/\/www.hethertendal.be\/index.php\/wp-json\/wp\/v2\/comments?post=986"}],"version-history":[{"count":5,"href":"https:\/\/www.hethertendal.be\/index.php\/wp-json\/wp\/v2\/pages\/986\/revisions"}],"predecessor-version":[{"id":3516,"href":"https:\/\/www.hethertendal.be\/index.php\/wp-json\/wp\/v2\/pages\/986\/revisions\/3516"}],"wp:attachment":[{"href":"https:\/\/www.hethertendal.be\/index.php\/wp-json\/wp\/v2\/media?parent=986"}],"curies":[{"name":"wp","href":"https:\/\/api.w.org\/{rel}","templated":true}]}}