{"id":987,"date":"2020-09-09T06:58:24","date_gmt":"2020-09-09T06:58:24","guid":{"rendered":"https:\/\/www.hethertendal.be\/?page_id=987"},"modified":"2023-04-02T16:44:36","modified_gmt":"2023-04-02T16:44:36","slug":"qui-sommes-nous","status":"publish","type":"page","link":"https:\/\/www.hethertendal.be\/index.php\/qui-sommes-nous\/","title":{"rendered":"Qui sommes-nous"},"content":{"rendered":"\t\t<div data-elementor-type=\"wp-page\" data-elementor-id=\"987\" class=\"elementor elementor-987\" data-elementor-post-type=\"page\">\n\t\t\t\t\t\t<section class=\"elementor-section elementor-top-section elementor-element elementor-element-be6fbc1 elementor-section-boxed elementor-section-height-default elementor-section-height-default\" data-id=\"be6fbc1\" data-element_type=\"section\" data-e-type=\"section\">\n\t\t\t\t\t\t<div class=\"elementor-container elementor-column-gap-default\">\n\t\t\t\t\t<div class=\"elementor-column elementor-col-50 elementor-top-column elementor-element elementor-element-35edf47\" data-id=\"35edf47\" data-element_type=\"column\" data-e-type=\"column\">\n\t\t\t<div class=\"elementor-widget-wrap elementor-element-populated\">\n\t\t\t\t\t\t<div class=\"elementor-element elementor-element-c545abc elementor-widget elementor-widget-heading\" data-id=\"c545abc\" data-element_type=\"widget\" data-e-type=\"widget\" data-widget_type=\"heading.default\">\n\t\t\t\t<div class=\"elementor-widget-container\">\n\t\t\t\t\t<h2 class=\"elementor-heading-title elementor-size-default\">QUI SOMMES-NOUS<\/h2>\t\t\t\t<\/div>\n\t\t\t\t<\/div>\n\t\t\t\t<div class=\"elementor-element elementor-element-dc04688 elementor-widget elementor-widget-heading\" data-id=\"dc04688\" data-element_type=\"widget\" data-e-type=\"widget\" data-widget_type=\"heading.default\">\n\t\t\t\t<div class=\"elementor-widget-container\">\n\t\t\t\t\t<h2 class=\"elementor-heading-title elementor-size-default\">Un B&amp;B modern et calme dans les Ardennes.<\/h2>\t\t\t\t<\/div>\n\t\t\t\t<\/div>\n\t\t\t\t<div class=\"elementor-element elementor-element-10f75ea elementor-widget elementor-widget-text-editor\" data-id=\"10f75ea\" data-element_type=\"widget\" data-e-type=\"widget\" data-widget_type=\"text-editor.default\">\n\t\t\t\t<div class=\"elementor-widget-container\">\n\t\t\t\t\t\t\t\t\t<p>Dans les Ardennes, entour\u00e9 par des for\u00eats magnifiques et au bord de la Meuse se trouve le Bed &amp; Breakfast du Val des Cerfs \u00e0 Hasti\u00e8re-par-del\u00e0. Notre vue panoramique sur la vall\u00e9e, les formations g\u00e9ologiques fameuses et le parc \u00e0 daims priv\u00e9 vous fascineront.<\/p><p>Le Val des Cerfs est id\u00e9al pour trouver le repos avec un verre sur la terrasse ou au bord de la piscine int\u00e9rieure. Ballades \u00e0 pied ou en v\u00e9lo dans la nature verte est fortement recommand\u00e9. Une session au centre de bien-\u00eatre ou des repas conviviaux en groupe font partie des possibilit\u00e9s.<\/p><p>Vos enfants seront enchant\u00e9s de votre visite au Val des Cerfs. La piscine, les animaux (daims, ch\u00e8vres naines, lapins, etc.), l\u2019aire de jeu et les possibilit\u00e9s de faire du stand-up paddle ou du kayak. Le cin\u00e9ma priv\u00e9 est une option pour une journ\u00e9e pluvieuse.<\/p><p>Le Val des Cerfs est d\u2019ailleurs la base id\u00e9ale pour visiter la ville touristique de Dinant ou l\u2019abbaye de Maredsous. D\u2019autres id\u00e9es de l\u2019offre touristique de la province de Namur se trouve sur la page R\u00e9gion<\/p><p>Laissez-vous dorloter par nos soins, la vue magnifique, la nature, un copieux petit-d\u00e9jeuner et le calme de la r\u00e9gion Ardennaise.<\/p><p><i>\u00a0<\/i><\/p><p>Nous esp\u00e9rons votre visite!<\/p><p><i>Isabel, Geert-Jan,\u00a0<\/i><i style=\"color: var( --e-global-color-text ); font-family: var( --e-global-typography-text-font-family ), Sans-serif; font-weight: var( --e-global-typography-text-font-weight ); font-size: 1rem;\">Wolf et Anna<\/i><\/p>\t\t\t\t\t\t\t\t<\/div>\n\t\t\t\t<\/div>\n\t\t\t\t\t<\/div>\n\t\t<\/div>\n\t\t\t\t<div class=\"elementor-column elementor-col-50 elementor-top-column elementor-element elementor-element-1072a33\" data-id=\"1072a33\" data-element_type=\"column\" data-e-type=\"column\">\n\t\t\t<div class=\"elementor-widget-wrap elementor-element-populated\">\n\t\t\t\t\t\t<div class=\"elementor-element elementor-element-7564d02 elementor-widget elementor-widget-image\" data-id=\"7564d02\" data-element_type=\"widget\" data-e-type=\"widget\" data-widget_type=\"image.default\">\n\t\t\t\t<div class=\"elementor-widget-container\">\n\t\t\t\t\t\t\t\t\t\t\t\t\t\t\t<img fetchpriority=\"high\" decoding=\"async\" width=\"732\" height=\"718\" src=\"https:\/\/www.hethertendal.be\/wp-content\/uploads\/2023\/04\/gezinnetje.jpg\" class=\"attachment-large size-large wp-image-3105\" alt=\"\" srcset=\"https:\/\/www.hethertendal.be\/wp-content\/uploads\/2023\/04\/gezinnetje.jpg 732w, https:\/\/www.hethertendal.be\/wp-content\/uploads\/2023\/04\/gezinnetje-300x294.jpg 300w\" sizes=\"(max-width: 732px) 100vw, 732px\" \/>\t\t\t\t\t\t\t\t\t\t\t\t\t\t\t<\/div>\n\t\t\t\t<\/div>\n\t\t\t\t<div class=\"elementor-element elementor-element-0eb6cfd elementor-widget elementor-widget-text-editor\" data-id=\"0eb6cfd\" data-element_type=\"widget\" data-e-type=\"widget\" data-widget_type=\"text-editor.default\">\n\t\t\t\t<div class=\"elementor-widget-container\">\n\t\t\t\t\t\t\t\t\t<p><i>Aussi<\/i><i> pour des <\/i><i>retraites<\/i><\/p><p>Le Val des Cerfs peuvent se louer pour organizer des retraites pour le milieu de semaine ou le weekend pour un groupe maximal de 9 personnes. Nous disposons d\u2019un studio yoga.<\/p>\t\t\t\t\t\t\t\t<\/div>\n\t\t\t\t<\/div>\n\t\t\t\t\t<\/div>\n\t\t<\/div>\n\t\t\t\t\t<\/div>\n\t\t<\/section>\n\t\t\t\t<section class=\"elementor-section elementor-top-section elementor-element elementor-element-beeb00d elementor-section-boxed elementor-section-height-default elementor-section-height-default\" data-id=\"beeb00d\" data-element_type=\"section\" data-e-type=\"section\">\n\t\t\t\t\t\t<div class=\"elementor-container elementor-column-gap-default\">\n\t\t\t\t\t<div class=\"elementor-column elementor-col-100 elementor-top-column elementor-element elementor-element-bb62818\" data-id=\"bb62818\" data-element_type=\"column\" data-e-type=\"column\">\n\t\t\t<div class=\"elementor-widget-wrap\">\n\t\t\t\t\t\t\t<\/div>\n\t\t<\/div>\n\t\t\t\t\t<\/div>\n\t\t<\/section>\n\t\t\t\t<section class=\"elementor-section elementor-top-section elementor-element elementor-element-b507fbb elementor-section-boxed elementor-section-height-default elementor-section-height-default\" data-id=\"b507fbb\" data-element_type=\"section\" data-e-type=\"section\" data-settings=\"{&quot;background_background&quot;:&quot;classic&quot;}\">\n\t\t\t\t\t\t<div class=\"elementor-container elementor-column-gap-default\">\n\t\t\t\t\t<div class=\"elementor-column elementor-col-50 elementor-top-column elementor-element elementor-element-e923805\" data-id=\"e923805\" data-element_type=\"column\" data-e-type=\"column\">\n\t\t\t<div class=\"elementor-widget-wrap elementor-element-populated\">\n\t\t\t\t\t\t<div class=\"elementor-element elementor-element-a32c0a2 elementor-widget elementor-widget-heading\" data-id=\"a32c0a2\" data-element_type=\"widget\" data-e-type=\"widget\" data-widget_type=\"heading.default\">\n\t\t\t\t<div class=\"elementor-widget-container\">\n\t\t\t\t\t<h2 class=\"elementor-heading-title elementor-size-default\">QUESTIONS-REPONSES POUR ISABEL ET GEERT-JAN\n<\/h2>\t\t\t\t<\/div>\n\t\t\t\t<\/div>\n\t\t\t\t<div class=\"elementor-element elementor-element-1741665 elementor-widget elementor-widget-heading\" data-id=\"1741665\" data-element_type=\"widget\" data-e-type=\"widget\" data-widget_type=\"heading.default\">\n\t\t\t\t<div class=\"elementor-widget-container\">\n\t\t\t\t\t<h2 class=\"elementor-heading-title elementor-size-default\">Qui sommes-nous?<\/h2>\t\t\t\t<\/div>\n\t\t\t\t<\/div>\n\t\t\t\t<div class=\"elementor-element elementor-element-98e0862 elementor-widget elementor-widget-text-editor\" data-id=\"98e0862\" data-element_type=\"widget\" data-e-type=\"widget\" data-widget_type=\"text-editor.default\">\n\t\t\t\t<div class=\"elementor-widget-container\">\n\t\t\t\t\t\t\t\t\t<p>Isabel et Geert-Jan vous souhaitent la bienvenue au Val des Cerfs. Apr\u00e8s des carri\u00e8res internationales exigeantes, nous r\u00eavions d\u2019un plan B: nos propres chambres d\u2019h\u00f4tes dans la nature et les collines Ardennaises. En 2016 nous avons \u00e9t\u00e9 conquis par la vue panoramique et le village dynamique d\u2019Hasti\u00e8re au bords de la Meuse.<\/p><p>La maison n\u00e9cessitait des travaux importants avant de pouvoir recevoir des h\u00f4tes. Pendant trois ans nous avons r\u00e9nov\u00e9 pendant les weekends: une nouvelle cuisine, isolation et chauffage, des salles de bains ont \u00e9t\u00e9 ajout\u00e9 aux chambres ainsi qu\u2019une piscine int\u00e9rieure et un appartement dans l\u2019\u00e9tage inf\u00e9rieur.<\/p>\t\t\t\t\t\t\t\t<\/div>\n\t\t\t\t<\/div>\n\t\t\t\t<div class=\"elementor-element elementor-element-e69c74c elementor-widget elementor-widget-heading\" data-id=\"e69c74c\" data-element_type=\"widget\" data-e-type=\"widget\" data-widget_type=\"heading.default\">\n\t\t\t\t<div class=\"elementor-widget-container\">\n\t\t\t\t\t<h2 class=\"elementor-heading-title elementor-size-default\">Qu\u2019est-ce qu\u2019\u00e9tait le Val des Cerfs dans une vie ant\u00e9rieure?\n<\/h2>\t\t\t\t<\/div>\n\t\t\t\t<\/div>\n\t\t\t\t<div class=\"elementor-element elementor-element-b58340c elementor-widget elementor-widget-text-editor\" data-id=\"b58340c\" data-element_type=\"widget\" data-e-type=\"widget\" data-widget_type=\"text-editor.default\">\n\t\t\t\t<div class=\"elementor-widget-container\">\n\t\t\t\t\t\t\t\t\t<p>La propri\u00e9t\u00e9 compte 13 hectares dont 9 hectares de for\u00eats. Le pr\u00e9 \u00e9tait un verger de pommes \u00e0 cidre &#8220;P<span style=\"color: var( --e-global-color-text ); font-family: var( --e-global-typography-text-font-family ); font-weight: var( --e-global-typography-text-font-weight ); font-size: 1rem;\">r\u00e9 des Avocats&#8221;<\/span><span style=\"color: var( --e-global-color-text ); font-family: var( --e-global-typography-text-font-family ); font-weight: var( --e-global-typography-text-font-weight ); font-size: 1rem;\">. Ici et l\u00e0 se trouve encore un vieux pommier. Malheureusement les pommiers \u00e9taient vieillissant et ne produisait plus. Le nouveau verger a toutefois \u00e9t\u00e9 plant\u00e9 et produira une grande vari\u00e9t\u00e9 de fruits tant\u00f4t.\u00a0<\/span><\/p>\t\t\t\t\t\t\t\t<\/div>\n\t\t\t\t<\/div>\n\t\t\t\t\t<\/div>\n\t\t<\/div>\n\t\t\t\t<div class=\"elementor-column elementor-col-50 elementor-top-column elementor-element elementor-element-c2ea973\" data-id=\"c2ea973\" data-element_type=\"column\" data-e-type=\"column\">\n\t\t\t<div class=\"elementor-widget-wrap elementor-element-populated\">\n\t\t\t\t\t\t<div class=\"elementor-element elementor-element-8e69114 elementor-widget elementor-widget-image\" data-id=\"8e69114\" data-element_type=\"widget\" data-e-type=\"widget\" data-widget_type=\"image.default\">\n\t\t\t\t<div class=\"elementor-widget-container\">\n\t\t\t\t\t\t\t\t\t\t\t\t\t\t\t<img decoding=\"async\" width=\"800\" height=\"849\" src=\"https:\/\/www.hethertendal.be\/wp-content\/uploads\/2020\/11\/pre-des-advocat-965x1024.jpg\" class=\"attachment-large size-large wp-image-1272\" alt=\"\" srcset=\"https:\/\/www.hethertendal.be\/wp-content\/uploads\/2020\/11\/pre-des-advocat-965x1024.jpg 965w, https:\/\/www.hethertendal.be\/wp-content\/uploads\/2020\/11\/pre-des-advocat-283x300.jpg 283w, https:\/\/www.hethertendal.be\/wp-content\/uploads\/2020\/11\/pre-des-advocat-768x815.jpg 768w, https:\/\/www.hethertendal.be\/wp-content\/uploads\/2020\/11\/pre-des-advocat.jpg 1006w\" sizes=\"(max-width: 800px) 100vw, 800px\" \/>\t\t\t\t\t\t\t\t\t\t\t\t\t\t\t<\/div>\n\t\t\t\t<\/div>\n\t\t\t\t\t<\/div>\n\t\t<\/div>\n\t\t\t\t\t<\/div>\n\t\t<\/section>\n\t\t\t\t<section class=\"elementor-section elementor-top-section elementor-element elementor-element-ca1d3db elementor-section-boxed elementor-section-height-default elementor-section-height-default\" data-id=\"ca1d3db\" data-element_type=\"section\" data-e-type=\"section\">\n\t\t\t\t\t\t<div class=\"elementor-container elementor-column-gap-default\">\n\t\t\t\t\t<div class=\"elementor-column elementor-col-100 elementor-top-column elementor-element elementor-element-b74c2eb\" data-id=\"b74c2eb\" data-element_type=\"column\" data-e-type=\"column\">\n\t\t\t<div class=\"elementor-widget-wrap elementor-element-populated\">\n\t\t\t\t\t\t<div class=\"elementor-element elementor-element-4f419ff elementor-widget elementor-widget-spacer\" data-id=\"4f419ff\" data-element_type=\"widget\" data-e-type=\"widget\" data-widget_type=\"spacer.default\">\n\t\t\t\t<div class=\"elementor-widget-container\">\n\t\t\t\t\t\t\t<div class=\"elementor-spacer\">\n\t\t\t<div class=\"elementor-spacer-inner\"><\/div>\n\t\t<\/div>\n\t\t\t\t\t\t<\/div>\n\t\t\t\t<\/div>\n\t\t\t\t\t<\/div>\n\t\t<\/div>\n\t\t\t\t\t<\/div>\n\t\t<\/section>\n\t\t\t\t<section class=\"elementor-section elementor-top-section elementor-element elementor-element-697eaba elementor-section-boxed elementor-section-height-default elementor-section-height-default\" data-id=\"697eaba\" data-element_type=\"section\" data-e-type=\"section\">\n\t\t\t\t\t\t<div class=\"elementor-container elementor-column-gap-default\">\n\t\t\t\t\t<div class=\"elementor-column elementor-col-100 elementor-top-column elementor-element elementor-element-bf21a8c\" data-id=\"bf21a8c\" data-element_type=\"column\" data-e-type=\"column\">\n\t\t\t<div class=\"elementor-widget-wrap elementor-element-populated\">\n\t\t\t\t\t\t<div class=\"elementor-element elementor-element-7a13b45 elementor-widget elementor-widget-heading\" data-id=\"7a13b45\" data-element_type=\"widget\" data-e-type=\"widget\" data-widget_type=\"heading.default\">\n\t\t\t\t<div class=\"elementor-widget-container\">\n\t\t\t\t\t<h2 class=\"elementor-heading-title elementor-size-default\">Pourquoi le nom \u2018Le Val des Cerfs\u2019?\n<\/h2>\t\t\t\t<\/div>\n\t\t\t\t<\/div>\n\t\t\t\t<div class=\"elementor-element elementor-element-0cb3a92 elementor-widget elementor-widget-text-editor\" data-id=\"0cb3a92\" data-element_type=\"widget\" data-e-type=\"widget\" data-widget_type=\"text-editor.default\">\n\t\t\t\t<div class=\"elementor-widget-container\">\n\t\t\t\t\t\t\t\t\t<p>Durant l\u2019une des premi\u00e8res nuits, nous avons eu la joie de voir par la fen\u00eatre des chevreuils avec leurs faons en train de gambader derri\u00e8re la maison. Les chevreuils sont toujours presents t\u00f4t le matin ou \u00e0 la tomb\u00e9e de la nuit. Nous nous demandions encore quoi faire du pr\u00e9 devant la maison et avons alors d\u00e9cid\u00e9s d\u2019y mettre des daims. Peut-\u00eatre plus tard aussi des cerfs. C\u2019est donc un abri pour cervid\u00e9s mais le Val des Cerfs sonne mieux. Le th\u00e8me de la for\u00eat et des cerfs se retrouve partout dans les Bed &amp; Breakfast.<\/p>\t\t\t\t\t\t\t\t<\/div>\n\t\t\t\t<\/div>\n\t\t\t\t<div class=\"elementor-element elementor-element-dde5b83 elementor-widget elementor-widget-heading\" data-id=\"dde5b83\" data-element_type=\"widget\" data-e-type=\"widget\" data-widget_type=\"heading.default\">\n\t\t\t\t<div class=\"elementor-widget-container\">\n\t\t\t\t\t<h2 class=\"elementor-heading-title elementor-size-default\">Comment sont d\u00e9cor\u00e9s les chambres?\n<\/h2>\t\t\t\t<\/div>\n\t\t\t\t<\/div>\n\t\t\t\t<div class=\"elementor-element elementor-element-1d12552 elementor-widget elementor-widget-text-editor\" data-id=\"1d12552\" data-element_type=\"widget\" data-e-type=\"widget\" data-widget_type=\"text-editor.default\">\n\t\t\t\t<div class=\"elementor-widget-container\">\n\t\t\t\t\t\t\t\t\tChaque chambre est d\u00e9cor\u00e9e de mani\u00e8re rurale et industrielle dans le th\u00e8me des quatre saisons avec sa salle de bain et toilettes. Des \u00e9l\u00e9ments forestiers se retrouvent partout.\n\t\t\t\t\t\t\t\t<\/div>\n\t\t\t\t<\/div>\n\t\t\t\t<div class=\"elementor-element elementor-element-03ad683 elementor-widget elementor-widget-heading\" data-id=\"03ad683\" data-element_type=\"widget\" data-e-type=\"widget\" data-widget_type=\"heading.default\">\n\t\t\t\t<div class=\"elementor-widget-container\">\n\t\t\t\t\t<h2 class=\"elementor-heading-title elementor-size-default\">Le Val des Cerfs sont des chambres d\u2019h\u00f4tes \u00e9cologiques, qu\u2019est-ce que cela signifie?\n<\/h2>\t\t\t\t<\/div>\n\t\t\t\t<\/div>\n\t\t\t\t<div class=\"elementor-element elementor-element-617ba07 elementor-widget elementor-widget-text-editor\" data-id=\"617ba07\" data-element_type=\"widget\" data-e-type=\"widget\" data-widget_type=\"text-editor.default\">\n\t\t\t\t<div class=\"elementor-widget-container\">\n\t\t\t\t\t\t\t\t\tDurant la construction des chambres d\u2019h\u00f4tes, nous avons pris en compte la nature autant que possible mais sans concessions au comfort. Nos chambres d\u2019h\u00f4tes fonctionneront de mani\u00e8re autonome l\u00e0 o\u00f9 possible grace aux panneaux solaires, pompe \u00e0 chaleur pour piscine et eau chaude, chauffage \u00e0 panneaux infrarouge, chemin\u00e9e et dans le futur sa proper purification d\u2019eau. Le verger aux fruits d\u2019antan et le potager recoivent aussi beaucoup d\u2019attention.\n\t\t\t\t\t\t\t\t<\/div>\n\t\t\t\t<\/div>\n\t\t\t\t\t<\/div>\n\t\t<\/div>\n\t\t\t\t\t<\/div>\n\t\t<\/section>\n\t\t\t\t<section class=\"elementor-section elementor-top-section elementor-element elementor-element-4242656 elementor-section-boxed elementor-section-height-default elementor-section-height-default\" data-id=\"4242656\" data-element_type=\"section\" data-e-type=\"section\">\n\t\t\t\t\t\t<div class=\"elementor-container elementor-column-gap-default\">\n\t\t\t\t\t<div class=\"elementor-column elementor-col-100 elementor-top-column elementor-element elementor-element-cec4a34\" data-id=\"cec4a34\" data-element_type=\"column\" data-e-type=\"column\">\n\t\t\t<div class=\"elementor-widget-wrap elementor-element-populated\">\n\t\t\t\t\t\t<div class=\"elementor-element elementor-element-7872710 elementor-widget elementor-widget-spacer\" data-id=\"7872710\" data-element_type=\"widget\" data-e-type=\"widget\" data-widget_type=\"spacer.default\">\n\t\t\t\t<div class=\"elementor-widget-container\">\n\t\t\t\t\t\t\t<div class=\"elementor-spacer\">\n\t\t\t<div class=\"elementor-spacer-inner\"><\/div>\n\t\t<\/div>\n\t\t\t\t\t\t<\/div>\n\t\t\t\t<\/div>\n\t\t\t\t\t<\/div>\n\t\t<\/div>\n\t\t\t\t\t<\/div>\n\t\t<\/section>\n\t\t\t\t<section class=\"elementor-section elementor-top-section elementor-element elementor-element-090d628 elementor-section-boxed elementor-section-height-default elementor-section-height-default\" data-id=\"090d628\" data-element_type=\"section\" data-e-type=\"section\">\n\t\t\t\t\t\t<div class=\"elementor-container elementor-column-gap-default\">\n\t\t\t\t\t<div class=\"elementor-column elementor-col-100 elementor-top-column elementor-element elementor-element-45cf540\" data-id=\"45cf540\" data-element_type=\"column\" data-e-type=\"column\">\n\t\t\t<div class=\"elementor-widget-wrap elementor-element-populated\">\n\t\t\t\t\t\t<div class=\"elementor-element elementor-element-ddf733f elementor-widget elementor-widget-image\" data-id=\"ddf733f\" data-element_type=\"widget\" data-e-type=\"widget\" data-widget_type=\"image.default\">\n\t\t\t\t<div class=\"elementor-widget-container\">\n\t\t\t\t\t\t\t\t\t\t\t\t\t\t\t<img decoding=\"async\" width=\"800\" height=\"463\" src=\"https:\/\/www.hethertendal.be\/wp-content\/uploads\/2019\/08\/oude-foto-boomgaard-v2-1024x592.png\" class=\"attachment-large size-large wp-image-93\" alt=\"\" srcset=\"https:\/\/www.hethertendal.be\/wp-content\/uploads\/2019\/08\/oude-foto-boomgaard-v2-1024x592.png 1024w, https:\/\/www.hethertendal.be\/wp-content\/uploads\/2019\/08\/oude-foto-boomgaard-v2-300x173.png 300w, https:\/\/www.hethertendal.be\/wp-content\/uploads\/2019\/08\/oude-foto-boomgaard-v2-768x444.png 768w, https:\/\/www.hethertendal.be\/wp-content\/uploads\/2019\/08\/oude-foto-boomgaard-v2.png 1277w\" sizes=\"(max-width: 800px) 100vw, 800px\" \/>\t\t\t\t\t\t\t\t\t\t\t\t\t\t\t<\/div>\n\t\t\t\t<\/div>\n\t\t\t\t\t<\/div>\n\t\t<\/div>\n\t\t\t\t\t<\/div>\n\t\t<\/section>\n\t\t\t\t<section class=\"elementor-section elementor-top-section elementor-element elementor-element-8000cd3 elementor-section-boxed elementor-section-height-default elementor-section-height-default\" data-id=\"8000cd3\" data-element_type=\"section\" data-e-type=\"section\">\n\t\t\t\t\t\t<div class=\"elementor-container elementor-column-gap-default\">\n\t\t\t\t\t<div class=\"elementor-column elementor-col-100 elementor-top-column elementor-element elementor-element-6da7cf6\" data-id=\"6da7cf6\" data-element_type=\"column\" data-e-type=\"column\">\n\t\t\t<div class=\"elementor-widget-wrap elementor-element-populated\">\n\t\t\t\t\t\t<div class=\"elementor-element elementor-element-7116713 elementor-widget elementor-widget-spacer\" data-id=\"7116713\" data-element_type=\"widget\" data-e-type=\"widget\" data-widget_type=\"spacer.default\">\n\t\t\t\t<div class=\"elementor-widget-container\">\n\t\t\t\t\t\t\t<div class=\"elementor-spacer\">\n\t\t\t<div class=\"elementor-spacer-inner\"><\/div>\n\t\t<\/div>\n\t\t\t\t\t\t<\/div>\n\t\t\t\t<\/div>\n\t\t\t\t\t<\/div>\n\t\t<\/div>\n\t\t\t\t\t<\/div>\n\t\t<\/section>\n\t\t\t\t<\/div>\n\t\t","protected":false},"excerpt":{"rendered":"<p>QUI SOMMES-NOUS Un B&amp;B modern et calme dans les Ardennes. Dans les Ardennes, entour\u00e9 par des for\u00eats magnifiques et au bord de la Meuse se trouve le Bed &amp; Breakfast du Val des Cerfs \u00e0 Hasti\u00e8re-par-del\u00e0. Notre vue panoramique sur la vall\u00e9e, les formations g\u00e9ologiques fameuses et le parc \u00e0 daims priv\u00e9 vous fascineront. Le [&hellip;]<\/p>\n","protected":false},"author":2,"featured_media":0,"parent":0,"menu_order":0,"comment_status":"closed","ping_status":"closed","template":"","meta":{"footnotes":""},"class_list":["post-987","page","type-page","status-publish","hentry"],"_links":{"self":[{"href":"https:\/\/www.hethertendal.be\/index.php\/wp-json\/wp\/v2\/pages\/987","targetHints":{"allow":["GET"]}}],"collection":[{"href":"https:\/\/www.hethertendal.be\/index.php\/wp-json\/wp\/v2\/pages"}],"about":[{"href":"https:\/\/www.hethertendal.be\/index.php\/wp-json\/wp\/v2\/types\/page"}],"author":[{"embeddable":true,"href":"https:\/\/www.hethertendal.be\/index.php\/wp-json\/wp\/v2\/users\/2"}],"replies":[{"embeddable":true,"href":"https:\/\/www.hethertendal.be\/index.php\/wp-json\/wp\/v2\/comments?post=987"}],"version-history":[{"count":5,"href":"https:\/\/www.hethertendal.be\/index.php\/wp-json\/wp\/v2\/pages\/987\/revisions"}],"predecessor-version":[{"id":3108,"href":"https:\/\/www.hethertendal.be\/index.php\/wp-json\/wp\/v2\/pages\/987\/revisions\/3108"}],"wp:attachment":[{"href":"https:\/\/www.hethertendal.be\/index.php\/wp-json\/wp\/v2\/media?parent=987"}],"curies":[{"name":"wp","href":"https:\/\/api.w.org\/{rel}","templated":true}]}}